{"id":9118,"date":"2024-04-02T22:12:21","date_gmt":"2024-04-02T21:12:21","guid":{"rendered":"https:\/\/millen.lu\/?page_id=9118"},"modified":"2024-04-05T16:40:51","modified_gmt":"2024-04-05T15:40:51","slug":"lois-sur-le-patrimoine","status":"publish","type":"page","link":"https:\/\/millen.lu\/en_gb\/lois-sur-le-patrimoine\/","title":{"rendered":"Lois sur le patrimoine"},"content":{"rendered":"<div data-elementor-type=\"wp-page\" data-elementor-id=\"9118\" class=\"elementor elementor-9118\">\n\t\t\t\t\t\t<section class=\"elementor-section elementor-top-section elementor-element elementor-element-5d748d18 elementor-section-boxed elementor-section-height-default elementor-section-height-default\" data-id=\"5d748d18\" data-element_type=\"section\" data-settings=\"{&quot;background_background&quot;:&quot;classic&quot;}\">\n\t\t\t\t\t\t<div class=\"elementor-container elementor-column-gap-default\">\n\t\t\t\t\t<div class=\"elementor-column elementor-col-100 elementor-top-column elementor-element elementor-element-3a49ff7d\" data-id=\"3a49ff7d\" data-element_type=\"column\">\n\t\t\t<div class=\"elementor-widget-wrap elementor-element-populated\">\n\t\t\t\t\t\t<section class=\"elementor-section elementor-inner-section elementor-element elementor-element-818fb29 elementor-section-boxed elementor-section-height-default elementor-section-height-default\" data-id=\"818fb29\" data-element_type=\"section\">\n\t\t\t\t\t\t<div class=\"elementor-container elementor-column-gap-default\">\n\t\t\t\t\t<div class=\"elementor-column elementor-col-50 elementor-inner-column elementor-element elementor-element-6190f397\" data-id=\"6190f397\" data-element_type=\"column\">\n\t\t\t<div class=\"elementor-widget-wrap elementor-element-populated\">\n\t\t\t\t\t\t<div class=\"elementor-element elementor-element-187edbe2 elementor-widget elementor-widget-heading\" data-id=\"187edbe2\" data-element_type=\"widget\" data-widget_type=\"heading.default\">\n\t\t\t\t<div class=\"elementor-widget-container\">\n\t\t\t\t\t<h6 class=\"elementor-heading-title elementor-size-default\">Lois<\/h6>\t\t\t\t<\/div>\n\t\t\t\t<\/div>\n\t\t\t\t\t<\/div>\n\t\t<\/div>\n\t\t\t\t<div class=\"elementor-column elementor-col-50 elementor-inner-column elementor-element elementor-element-7acaec7d\" data-id=\"7acaec7d\" data-element_type=\"column\">\n\t\t\t<div class=\"elementor-widget-wrap elementor-element-populated\">\n\t\t\t\t\t\t<div class=\"elementor-element elementor-element-4c32e519 elementor-widget-divider--view-line elementor-widget elementor-widget-divider\" data-id=\"4c32e519\" data-element_type=\"widget\" data-widget_type=\"divider.default\">\n\t\t\t\t<div class=\"elementor-widget-container\">\n\t\t\t\t\t\t\t<div class=\"elementor-divider\">\n\t\t\t<span class=\"elementor-divider-separator\">\n\t\t\t\t\t\t<\/span>\n\t\t<\/div>\n\t\t\t\t\t\t<\/div>\n\t\t\t\t<\/div>\n\t\t\t\t\t<\/div>\n\t\t<\/div>\n\t\t\t\t\t<\/div>\n\t\t<\/section>\n\t\t\t\t<div class=\"elementor-element elementor-element-19f9f4dd elementor-widget elementor-widget-heading\" data-id=\"19f9f4dd\" data-element_type=\"widget\" data-widget_type=\"heading.default\">\n\t\t\t\t<div class=\"elementor-widget-container\">\n\t\t\t\t\t<h4 class=\"elementor-heading-title elementor-size-default\">Lois sur le patrimoine<\/h4>\t\t\t\t<\/div>\n\t\t\t\t<\/div>\n\t\t\t\t<div class=\"elementor-element elementor-element-5b45fe9 elementor-widget-divider--view-line elementor-widget elementor-widget-divider\" data-id=\"5b45fe9\" data-element_type=\"widget\" data-widget_type=\"divider.default\">\n\t\t\t\t<div class=\"elementor-widget-container\">\n\t\t\t\t\t\t\t<div class=\"elementor-divider\">\n\t\t\t<span class=\"elementor-divider-separator\">\n\t\t\t\t\t\t<\/span>\n\t\t<\/div>\n\t\t\t\t\t\t<\/div>\n\t\t\t\t<\/div>\n\t\t\t\t\t<\/div>\n\t\t<\/div>\n\t\t\t\t\t<\/div>\n\t\t<\/section>\n\t\t\t\t<section class=\"elementor-section elementor-top-section elementor-element elementor-element-33884628 elementor-section-boxed elementor-section-height-default elementor-section-height-default\" data-id=\"33884628\" data-element_type=\"section\" data-settings=\"{&quot;background_background&quot;:&quot;classic&quot;}\">\n\t\t\t\t\t\t<div class=\"elementor-container elementor-column-gap-default\">\n\t\t\t\t\t<div class=\"elementor-column elementor-col-50 elementor-top-column elementor-element elementor-element-67f6a8e\" data-id=\"67f6a8e\" data-element_type=\"column\">\n\t\t\t<div class=\"elementor-widget-wrap elementor-element-populated\">\n\t\t\t\t\t\t<div class=\"elementor-element elementor-element-6fdbb0ec elementor-widget elementor-widget-heading\" data-id=\"6fdbb0ec\" data-element_type=\"widget\" data-widget_type=\"heading.default\">\n\t\t\t\t<div class=\"elementor-widget-container\">\n\t\t\t\t\t<h3 class=\"elementor-heading-title elementor-size-default\">Loi du 18 juillet 1983 concernant la conservation et la protection des sites et monuments nationaux<\/h3>\t\t\t\t<\/div>\n\t\t\t\t<\/div>\n\t\t\t\t\t<\/div>\n\t\t<\/div>\n\t\t\t\t<div class=\"elementor-column elementor-col-50 elementor-top-column elementor-element elementor-element-5d65b1a3\" data-id=\"5d65b1a3\" data-element_type=\"column\">\n\t\t\t<div class=\"elementor-widget-wrap elementor-element-populated\">\n\t\t\t\t\t\t<div class=\"elementor-element elementor-element-4311ae94 elementor-align-center elementor-widget elementor-widget-button\" data-id=\"4311ae94\" data-element_type=\"widget\" data-widget_type=\"button.default\">\n\t\t\t\t<div class=\"elementor-widget-container\">\n\t\t\t\t\t\t\t\t\t<div class=\"elementor-button-wrapper\">\n\t\t\t\t\t<a class=\"elementor-button elementor-button-link elementor-size-sm\" href=\"http:\/\/legilux.public.lu\/eli\/etat\/leg\/loi\/1983\/07\/18\/n1\/jo\">\n\t\t\t\t\t\t<span class=\"elementor-button-content-wrapper\">\n\t\t\t\t\t\t\t\t\t<span class=\"elementor-button-text\">Lien vers legilux<\/span>\n\t\t\t\t\t<\/span>\n\t\t\t\t\t<\/a>\n\t\t\t\t<\/div>\n\t\t\t\t\t\t\t\t<\/div>\n\t\t\t\t<\/div>\n\t\t\t\t\t<\/div>\n\t\t<\/div>\n\t\t\t\t\t<\/div>\n\t\t<\/section>\n\t\t\t\t<section class=\"elementor-section elementor-top-section elementor-element elementor-element-73858c6 elementor-section-boxed elementor-section-height-default elementor-section-height-default\" data-id=\"73858c6\" data-element_type=\"section\" data-settings=\"{&quot;background_background&quot;:&quot;classic&quot;}\">\n\t\t\t\t\t\t<div class=\"elementor-container elementor-column-gap-default\">\n\t\t\t\t\t<div class=\"elementor-column elementor-col-50 elementor-top-column elementor-element elementor-element-5b1303b\" data-id=\"5b1303b\" data-element_type=\"column\">\n\t\t\t<div class=\"elementor-widget-wrap elementor-element-populated\">\n\t\t\t\t\t\t<div class=\"elementor-element elementor-element-577a18a1 elementor-widget elementor-widget-text-editor\" data-id=\"577a18a1\" data-element_type=\"widget\" data-widget_type=\"text-editor.default\">\n\t\t\t\t<div class=\"elementor-widget-container\">\n\t\t\t\t\t\t\t\t\t<p class=\"richtext_num_article richtext_inline\"><i class=\"richtext_i richtext_inline\">Proc\u00e9dure de classement<\/i><\/p>\t\t\t\t\t\t\t\t<\/div>\n\t\t\t\t<\/div>\n\t\t\t\t\t<\/div>\n\t\t<\/div>\n\t\t\t\t<div class=\"elementor-column elementor-col-50 elementor-top-column elementor-element elementor-element-3aabc9b7\" data-id=\"3aabc9b7\" data-element_type=\"column\">\n\t\t\t<div class=\"elementor-widget-wrap elementor-element-populated\">\n\t\t\t\t\t\t<div class=\"elementor-element elementor-element-22bfca9b elementor-widget elementor-widget-text-editor\" data-id=\"22bfca9b\" data-element_type=\"widget\" data-widget_type=\"text-editor.default\">\n\t\t\t\t<div class=\"elementor-widget-container\">\n\t\t\t\t\t\t\t\t\t<p class=\"richtext_p  richtext_p\">Art. 5. A compter du jour o\u00f9 le Ministre notifie au propri\u00e9taire sa proposition de classement, tous les effets du classement vis\u00e9s aux articles 9 \u00e0 15 s&rsquo;appliquent de plein droit \u00e0 l&rsquo;immeuble concern\u00e9. En cas de non contestation, ils cessent de s&rsquo;appliquer si la d\u00e9cision de classement n&rsquo;intervient pas dans les douze mois de cette notification. En cas de contestation, les effets du classement restent applicables jusqu&rsquo;au moment o\u00f9 le Gouvernement en conseil aura pris une d\u00e9cision, qui doit intervenir dans un d\u00e9lai ne pouvant d\u00e9passer douze mois.<\/p><p class=\"richtext_p  richtext_p\">Tout arret\u00e9 qui prononce un classement est transcrit, par les soins du Ministre, au bureau des hypoth\u00e8ques de la situation de l&rsquo;immeuble class\u00e9. Cette transcription ne donne lieu \u00e0 aucune perception au profit du Tr\u00e9sor.<\/p>\t\t\t\t\t\t\t\t<\/div>\n\t\t\t\t<\/div>\n\t\t\t\t\t<\/div>\n\t\t<\/div>\n\t\t\t\t\t<\/div>\n\t\t<\/section>\n\t\t\t\t<section class=\"elementor-section elementor-top-section elementor-element elementor-element-4ca30948 elementor-section-boxed elementor-section-height-default elementor-section-height-default\" data-id=\"4ca30948\" data-element_type=\"section\" data-settings=\"{&quot;background_background&quot;:&quot;classic&quot;}\">\n\t\t\t\t\t\t<div class=\"elementor-container elementor-column-gap-default\">\n\t\t\t\t\t<div class=\"elementor-column elementor-col-50 elementor-top-column elementor-element elementor-element-d5de159\" data-id=\"d5de159\" data-element_type=\"column\">\n\t\t\t<div class=\"elementor-widget-wrap elementor-element-populated\">\n\t\t\t\t\t\t<div class=\"elementor-element elementor-element-4fca9219 elementor-widget elementor-widget-text-editor\" data-id=\"4fca9219\" data-element_type=\"widget\" data-widget_type=\"text-editor.default\">\n\t\t\t\t<div class=\"elementor-widget-container\">\n\t\t\t\t\t\t\t\t\t<p class=\"richtext_num_article richtext_inline\"><em>Effets du classement<\/em><\/p>\t\t\t\t\t\t\t\t<\/div>\n\t\t\t\t<\/div>\n\t\t\t\t\t<\/div>\n\t\t<\/div>\n\t\t\t\t<div class=\"elementor-column elementor-col-50 elementor-top-column elementor-element elementor-element-530e6a91\" data-id=\"530e6a91\" data-element_type=\"column\">\n\t\t\t<div class=\"elementor-widget-wrap elementor-element-populated\">\n\t\t\t\t\t\t<div class=\"elementor-element elementor-element-48c5be83 elementor-widget elementor-widget-text-editor\" data-id=\"48c5be83\" data-element_type=\"widget\" data-widget_type=\"text-editor.default\">\n\t\t\t\t<div class=\"elementor-widget-container\">\n\t\t\t\t\t\t\t\t\t<p>Art. 10. L&rsquo;immeuble class\u00e9 ne peut \u00eatre d\u00e9truit ou d\u00e9plac\u00e9, m\u00eame en partie, ni changer d&rsquo;affectation, ni \u00eatre l&rsquo;objet d&rsquo;un travail de restauration, de r\u00e9paration ou de modification quelconque, que si le Ministre y a donn\u00e9 son autorisation. La d\u00e9cision du Ministre doit parvenir \u00e0 l&rsquo;int\u00e9ress\u00e9 dans les six mois de la demande; pass\u00e9 ce d\u00e9lai, la demande est cens\u00e9e \u00eatre agr\u00e9\u00e9e.<\/p>\t\t\t\t\t\t\t\t<\/div>\n\t\t\t\t<\/div>\n\t\t\t\t<div class=\"elementor-element elementor-element-49c1410a elementor-widget elementor-widget-text-editor\" data-id=\"49c1410a\" data-element_type=\"widget\" data-widget_type=\"text-editor.default\">\n\t\t\t\t<div class=\"elementor-widget-container\">\n\t\t\t\t\t\t\t\t\t<p class=\"richtext_num_article richtext_inline\">Art. 14. <span style=\"font-size: 16px;\">Un immeuble class\u00e9 ou propos\u00e9 pour le classement ne peut \u00eatre compris dans une enqu\u00eate aux fins d&rsquo;expropriation pour cause d&rsquo;utilit\u00e9 publique qu&rsquo;apr\u00e8s que le Ministre a \u00e9t\u00e9 appel\u00e9 \u00e0 pr\u00e9senter ses observations.<\/span><\/p>\t\t\t\t\t\t\t\t<\/div>\n\t\t\t\t<\/div>\n\t\t\t\t<div class=\"elementor-element elementor-element-6c42ae6a elementor-widget elementor-widget-text-editor\" data-id=\"6c42ae6a\" data-element_type=\"widget\" data-widget_type=\"text-editor.default\">\n\t\t\t\t<div class=\"elementor-widget-container\">\n\t\t\t\t\t\t\t\t\t<p class=\"richtext_num_article richtext_inline\">Art. 15. <span style=\"font-size: 16px;\">Aucune construction nouvelle ne peut \u00eatre adoss\u00e9e \u00e0 un immeuble class\u00e9 sans une autorisation sp\u00e9ciale du Ministre, qui doit intervenir dans les six mois de la demande; pass\u00e9 ce d\u00e9lai, la demande est cens\u00e9e \u00eatre agr\u00e9\u00e9e.<\/span><\/p><div class=\"richtext_alinea\"><p class=\"richtext_p  richtext_p\">Nul ne peut acqu\u00e9rir, par voie de prescription, de droit sur un immeuble class\u00e9.<\/p><p class=\"richtext_p  richtext_p\">Ne sont pas applicables aux immeubles class\u00e9s les servitudes l\u00e9gales qui peuvent causer leur d\u00e9gradation.<\/p><p class=\"richtext_p  richtext_p\">Aucune servitude ne peut \u00eatre \u00e9tablie par convention sur un immeuble class\u00e9 qu&rsquo;avec l&rsquo;agr\u00e9ment du Ministre.<\/p><\/div>\t\t\t\t\t\t\t\t<\/div>\n\t\t\t\t<\/div>\n\t\t\t\t\t<\/div>\n\t\t<\/div>\n\t\t\t\t\t<\/div>\n\t\t<\/section>\n\t\t\t\t<section class=\"elementor-section elementor-top-section elementor-element elementor-element-9a8c3af elementor-section-boxed elementor-section-height-default elementor-section-height-default\" data-id=\"9a8c3af\" data-element_type=\"section\" data-settings=\"{&quot;background_background&quot;:&quot;classic&quot;}\">\n\t\t\t\t\t\t<div class=\"elementor-container elementor-column-gap-default\">\n\t\t\t\t\t<div class=\"elementor-column elementor-col-100 elementor-top-column elementor-element elementor-element-63caef2\" data-id=\"63caef2\" data-element_type=\"column\">\n\t\t\t<div class=\"elementor-widget-wrap elementor-element-populated\">\n\t\t\t\t\t\t<div class=\"elementor-element elementor-element-608cb550 elementor-widget-divider--view-line elementor-widget elementor-widget-divider\" data-id=\"608cb550\" data-element_type=\"widget\" data-widget_type=\"divider.default\">\n\t\t\t\t<div class=\"elementor-widget-container\">\n\t\t\t\t\t\t\t<div class=\"elementor-divider\">\n\t\t\t<span class=\"elementor-divider-separator\">\n\t\t\t\t\t\t<\/span>\n\t\t<\/div>\n\t\t\t\t\t\t<\/div>\n\t\t\t\t<\/div>\n\t\t\t\t\t<\/div>\n\t\t<\/div>\n\t\t\t\t\t<\/div>\n\t\t<\/section>\n\t\t\t\t<section class=\"elementor-section elementor-top-section elementor-element elementor-element-de85f64 elementor-section-boxed elementor-section-height-default elementor-section-height-default\" data-id=\"de85f64\" data-element_type=\"section\" data-settings=\"{&quot;background_background&quot;:&quot;classic&quot;}\">\n\t\t\t\t\t\t<div class=\"elementor-container elementor-column-gap-default\">\n\t\t\t\t\t<div class=\"elementor-column elementor-col-50 elementor-top-column elementor-element elementor-element-9401147\" data-id=\"9401147\" data-element_type=\"column\">\n\t\t\t<div class=\"elementor-widget-wrap elementor-element-populated\">\n\t\t\t\t\t\t<div class=\"elementor-element elementor-element-6df7fe4 elementor-widget elementor-widget-heading\" data-id=\"6df7fe4\" data-element_type=\"widget\" data-widget_type=\"heading.default\">\n\t\t\t\t<div class=\"elementor-widget-container\">\n\t\t\t\t\t<h3 class=\"elementor-heading-title elementor-size-default\">Loi du 25 f\u00e9vrier 2022 relative au patrimoine culturel <\/h3>\t\t\t\t<\/div>\n\t\t\t\t<\/div>\n\t\t\t\t\t<\/div>\n\t\t<\/div>\n\t\t\t\t<div class=\"elementor-column elementor-col-50 elementor-top-column elementor-element elementor-element-2789b7b\" data-id=\"2789b7b\" data-element_type=\"column\">\n\t\t\t<div class=\"elementor-widget-wrap elementor-element-populated\">\n\t\t\t\t\t\t<div class=\"elementor-element elementor-element-f514337 elementor-align-center elementor-widget elementor-widget-button\" data-id=\"f514337\" data-element_type=\"widget\" data-widget_type=\"button.default\">\n\t\t\t\t<div class=\"elementor-widget-container\">\n\t\t\t\t\t\t\t\t\t<div class=\"elementor-button-wrapper\">\n\t\t\t\t\t<a class=\"elementor-button elementor-button-link elementor-size-sm\" href=\"https:\/\/legilux.public.lu\/eli\/etat\/leg\/loi\/2022\/02\/25\/a80\/jo\">\n\t\t\t\t\t\t<span class=\"elementor-button-content-wrapper\">\n\t\t\t\t\t\t\t\t\t<span class=\"elementor-button-text\">Lien vers legilux<\/span>\n\t\t\t\t\t<\/span>\n\t\t\t\t\t<\/a>\n\t\t\t\t<\/div>\n\t\t\t\t\t\t\t\t<\/div>\n\t\t\t\t<\/div>\n\t\t\t\t\t<\/div>\n\t\t<\/div>\n\t\t\t\t\t<\/div>\n\t\t<\/section>\n\t\t\t\t<section class=\"elementor-section elementor-top-section elementor-element elementor-element-5518969 elementor-section-boxed elementor-section-height-default elementor-section-height-default\" data-id=\"5518969\" data-element_type=\"section\" data-settings=\"{&quot;background_background&quot;:&quot;classic&quot;}\">\n\t\t\t\t\t\t<div class=\"elementor-container elementor-column-gap-default\">\n\t\t\t\t\t<div class=\"elementor-column elementor-col-50 elementor-top-column elementor-element elementor-element-7bf7d6a\" data-id=\"7bf7d6a\" data-element_type=\"column\">\n\t\t\t<div class=\"elementor-widget-wrap elementor-element-populated\">\n\t\t\t\t\t\t<div class=\"elementor-element elementor-element-9d200f6 elementor-widget elementor-widget-text-editor\" data-id=\"9d200f6\" data-element_type=\"widget\" data-widget_type=\"text-editor.default\">\n\t\t\t\t<div class=\"elementor-widget-container\">\n\t\t\t\t\t\t\t\t\t<p class=\"richtext_num_article richtext_inline\">Objectifs de la loi:<\/p>\t\t\t\t\t\t\t\t<\/div>\n\t\t\t\t<\/div>\n\t\t\t\t\t<\/div>\n\t\t<\/div>\n\t\t\t\t<div class=\"elementor-column elementor-col-50 elementor-top-column elementor-element elementor-element-2ae1859\" data-id=\"2ae1859\" data-element_type=\"column\">\n\t\t\t<div class=\"elementor-widget-wrap elementor-element-populated\">\n\t\t\t\t\t\t<div class=\"elementor-element elementor-element-41e093e elementor-widget elementor-widget-text-editor\" data-id=\"41e093e\" data-element_type=\"widget\" data-widget_type=\"text-editor.default\">\n\t\t\t\t<div class=\"elementor-widget-container\">\n\t\t\t\t\t\t\t\t\t<div class=\"richtext_alinea\"><p class=\"richtext_p  richtext_p\">\u00a0<\/p><table class=\"richtext_ol\"><tbody><tr class=\"richtext_elementLI\"><td class=\"richtext_numLI\">1)<\/td><td class=\"richtext_contentLI\"><span class=\"richtext_li\">la protection du patrimoine culturel comme un \u00e9l\u00e9ment majeur du d\u00e9veloppement durable, de la diversit\u00e9 culturelle et de la cr\u00e9ation contemporaine ;<\/span><\/td><\/tr><tr class=\"richtext_elementLI\"><td class=\"richtext_numLI\">2)<\/td><td class=\"richtext_contentLI\"><span class=\"richtext_li\">la valorisation du patrimoine culturel \u00e0 travers son identification, son \u00e9tude, son interpr\u00e9tation, sa sauvegarde, sa conservation et sa protection ;<\/span><\/td><\/tr><tr class=\"richtext_elementLI\"><td class=\"richtext_numLI\">3)<\/td><td class=\"richtext_contentLI\"><span class=\"richtext_li\">de renforcer la coh\u00e9sion sociale en favorisant le sens de responsabilit\u00e9 partag\u00e9e envers l\u2019espace de vie commun.<\/span><\/td><\/tr><\/tbody><\/table><\/div>\t\t\t\t\t\t\t\t<\/div>\n\t\t\t\t<\/div>\n\t\t\t\t\t<\/div>\n\t\t<\/div>\n\t\t\t\t\t<\/div>\n\t\t<\/section>\n\t\t\t\t<section class=\"elementor-section elementor-top-section elementor-element elementor-element-53da17c elementor-section-boxed elementor-section-height-default elementor-section-height-default\" data-id=\"53da17c\" data-element_type=\"section\" data-settings=\"{&quot;background_background&quot;:&quot;classic&quot;}\">\n\t\t\t\t\t\t<div class=\"elementor-container elementor-column-gap-default\">\n\t\t\t\t\t<div class=\"elementor-column elementor-col-50 elementor-top-column elementor-element elementor-element-2214cdb\" data-id=\"2214cdb\" data-element_type=\"column\">\n\t\t\t<div class=\"elementor-widget-wrap elementor-element-populated\">\n\t\t\t\t\t\t<div class=\"elementor-element elementor-element-21b54aa elementor-widget elementor-widget-text-editor\" data-id=\"21b54aa\" data-element_type=\"widget\" data-widget_type=\"text-editor.default\">\n\t\t\t\t<div class=\"elementor-widget-container\">\n\t\t\t\t\t\t\t\t\t<p class=\"richtext_num_article richtext_inline\">Au sens de la pr\u00e9sente loi, l\u2019on entend par :<\/p>\t\t\t\t\t\t\t\t<\/div>\n\t\t\t\t<\/div>\n\t\t\t\t\t<\/div>\n\t\t<\/div>\n\t\t\t\t<div class=\"elementor-column elementor-col-50 elementor-top-column elementor-element elementor-element-9903413\" data-id=\"9903413\" data-element_type=\"column\">\n\t\t\t<div class=\"elementor-widget-wrap elementor-element-populated\">\n\t\t\t\t\t\t<div class=\"elementor-element elementor-element-a5b3ea3 elementor-widget elementor-widget-text-editor\" data-id=\"a5b3ea3\" data-element_type=\"widget\" data-widget_type=\"text-editor.default\">\n\t\t\t\t<div class=\"elementor-widget-container\">\n\t\t\t\t\t\t\t\t\t<div class=\"richtext_alinea\"><p class=\"richtext_p  richtext_p\">\u00a0<\/p><table class=\"richtext_ol\"><tbody><tr class=\"richtext_elementLI\"><td class=\"richtext_numLI\">1\u00b0<\/td><td class=\"richtext_contentLI\"><span class=\"richtext_li\">\u00ab\u00a0patrimoine culturel\u00a0\u00bb : un ensemble de ressources h\u00e9rit\u00e9es du pass\u00e9 que des personnes consid\u00e8rent, par-del\u00e0 le r\u00e9gime de la propri\u00e9t\u00e9 des biens, comme un reflet et une expression de leurs valeurs, croyances, savoirs et traditions en continuelle \u00e9volution. Il inclut les biens meubles et immeubles, mat\u00e9riels, immat\u00e9riels, audiovisuels et num\u00e9riques, dont la sauvegarde, la conservation et la protection pr\u00e9sentent un int\u00e9r\u00eat public national d\u2019un point de vue historique, arch\u00e9ologique, architectural, artistique, artisanal, pal\u00e9ontologique, min\u00e9ralogique, g\u00e9ologique, scientifique, social, technique, vernaculaire, urbanistique, industriel, naturel, paysager, religieux, militaire, politique ou ethnologique. En tant que tel le patrimoine culturel englobe le patrimoine arch\u00e9ologique, le patrimoine architectural, le patrimoine mobilier et le patrimoine immat\u00e9riel ;<\/span><\/td><\/tr><tr class=\"richtext_elementLI\"><td class=\"richtext_numLI\">2\u00b0<\/td><td class=\"richtext_contentLI\"><span class=\"richtext_li\">\u00ab\u00a0conservation\u00a0\u00bb : toute mesure d\u2019identification, de description, d\u2019\u00e9tude, de recherche scientifique, de documentation, de num\u00e9risation, d\u2019entretien, de gestion, de consolidation, de s\u00e9curisation, de pr\u00e9servation, de r\u00e9paration, de r\u00e9fection, de restauration ou de mise en valeur exerc\u00e9e sur un bien appartenant au patrimoine culturel ;<\/span><\/td><\/tr><tr class=\"richtext_elementLI\"><td class=\"richtext_numLI\">3\u00b0<\/td><td class=\"richtext_contentLI\"><span class=\"richtext_li\">\u00ab\u00a0protection\u00a0\u00bb : l\u2019acte administratif r\u00e9glementaire ou individuel qui conf\u00e8re \u00e0 un bien appartenant au patrimoine culturel un statut juridique qui affirme son int\u00e9r\u00eat public national et qui a comme effet d\u2019assurer la p\u00e9rennit\u00e9 ou la mise en valeur de ce bien ;<\/span><\/td><\/tr><tr class=\"richtext_elementLI\"><td class=\"richtext_numLI\">4\u00b0<\/td><td class=\"richtext_contentLI\"><span class=\"richtext_li\">\u00ab\u00a0patrimoine culturel national\u00a0\u00bb : tout bien immeuble nu ou b\u00e2ti et bien mobilier faisant partie du patrimoine culturel et qui b\u00e9n\u00e9ficie par la voie d\u2019un classement d\u2019une protection au sens de la pr\u00e9sente loi ;<\/span><\/td><\/tr><\/tbody><\/table><\/div>\t\t\t\t\t\t\t\t<\/div>\n\t\t\t\t<\/div>\n\t\t\t\t\t<\/div>\n\t\t<\/div>\n\t\t\t\t\t<\/div>\n\t\t<\/section>\n\t\t\t\t<section class=\"elementor-section elementor-top-section elementor-element elementor-element-d985de7 elementor-section-boxed elementor-section-height-default elementor-section-height-default\" data-id=\"d985de7\" data-element_type=\"section\" data-settings=\"{&quot;background_background&quot;:&quot;classic&quot;}\">\n\t\t\t\t\t\t<div class=\"elementor-container elementor-column-gap-default\">\n\t\t\t\t\t<div class=\"elementor-column elementor-col-50 elementor-top-column elementor-element elementor-element-40b6d51\" data-id=\"40b6d51\" data-element_type=\"column\">\n\t\t\t<div class=\"elementor-widget-wrap elementor-element-populated\">\n\t\t\t\t\t\t<div class=\"elementor-element elementor-element-f9466ac elementor-widget elementor-widget-text-editor\" data-id=\"f9466ac\" data-element_type=\"widget\" data-widget_type=\"text-editor.default\">\n\t\t\t\t<div class=\"elementor-widget-container\">\n\t\t\t\t\t\t\t\t\t<p class=\"richtext_num_article richtext_inline\">Les effets du classement comme patrimoine culturel<\/p>\t\t\t\t\t\t\t\t<\/div>\n\t\t\t\t<\/div>\n\t\t\t\t\t<\/div>\n\t\t<\/div>\n\t\t\t\t<div class=\"elementor-column elementor-col-50 elementor-top-column elementor-element elementor-element-08dcdb6\" data-id=\"08dcdb6\" data-element_type=\"column\">\n\t\t\t<div class=\"elementor-widget-wrap elementor-element-populated\">\n\t\t\t\t\t\t<div class=\"elementor-element elementor-element-e03b5c2 elementor-widget elementor-widget-text-editor\" data-id=\"e03b5c2\" data-element_type=\"widget\" data-widget_type=\"text-editor.default\">\n\t\t\t\t<div class=\"elementor-widget-container\">\n\t\t\t\t\t\t\t\t\t<div id=\"paragraph_35\" class=\"richtext_paragraph richtext_paragraph\"><div class=\"richtext_alinea\"><p class=\"richtext_num_paragraph richtext_inline\">(1) <span style=\"font-size: 16px;\">Le propri\u00e9taire d\u2019un bien immeuble class\u00e9 comme patrimoine culturel national veille \u00e0 la conservation de ce dernier.<\/span><\/p><\/div><\/div><div id=\"paragraph_36\" class=\"richtext_paragraph richtext_paragraph\"><div class=\"richtext_alinea\"><p class=\"richtext_num_paragraph richtext_inline\">(2) <span style=\"font-size: 16px;\">Les effets du classement s\u2019appliquent \u00e0 l\u2019\u00e9gard des biens immeubles class\u00e9s comme patrimoine culturel national, nus ou b\u00e2tis, pris en leur int\u00e9gralit\u00e9. Y sont inclus les immeubles par nature et les immeubles par destination incorpor\u00e9s.<\/span><\/p><\/div><\/div>\t\t\t\t\t\t\t\t<\/div>\n\t\t\t\t<\/div>\n\t\t\t\t\t<\/div>\n\t\t<\/div>\n\t\t\t\t\t<\/div>\n\t\t<\/section>\n\t\t\t\t<\/div>","protected":false},"excerpt":{"rendered":"<p>Lois Lois sur le patrimoine Loi du 18 juillet 1983 concernant la conservation et la protection des sites et monuments nationaux Lien vers legilux Proc\u00e9dure de classement Art. 5. A compter du jour o\u00f9 le Ministre notifie au propri\u00e9taire sa proposition de classement, tous les effets du classement vis\u00e9s aux articles 9 \u00e0 15 s&rsquo;appliquent [&hellip;]<\/p>","protected":false},"author":3,"featured_media":0,"parent":0,"menu_order":0,"comment_status":"closed","ping_status":"closed","template":"","meta":{"site-sidebar-layout":"no-sidebar","site-content-layout":"page-builder","ast-site-content-layout":"full-width-container","site-content-style":"default","site-sidebar-style":"default","ast-global-header-display":"","ast-banner-title-visibility":"","ast-main-header-display":"","ast-hfb-above-header-display":"","ast-hfb-below-header-display":"","ast-hfb-mobile-header-display":"","site-post-title":"disabled","ast-breadcrumbs-content":"","ast-featured-img":"disabled","footer-sml-layout":"","theme-transparent-header-meta":"","adv-header-id-meta":"","stick-header-meta":"","header-above-stick-meta":"","header-main-stick-meta":"","header-below-stick-meta":"","astra-migrate-meta-layouts":"default","ast-page-background-enabled":"default","ast-page-background-meta":{"desktop":{"background-color":"","background-image":"","background-repeat":"repeat","background-position":"center center","background-size":"auto","background-attachment":"scroll","background-type":"","background-media":"","overlay-type":"","overlay-color":"","overlay-opacity":"","overlay-gradient":""},"tablet":{"background-color":"","background-image":"","background-repeat":"repeat","background-position":"center center","background-size":"auto","background-attachment":"scroll","background-type":"","background-media":"","overlay-type":"","overlay-color":"","overlay-opacity":"","overlay-gradient":""},"mobile":{"background-color":"","background-image":"","background-repeat":"repeat","background-position":"center center","background-size":"auto","background-attachment":"scroll","background-type":"","background-media":"","overlay-type":"","overlay-color":"","overlay-opacity":"","overlay-gradient":""}},"ast-content-background-meta":{"desktop":{"background-color":"var(--ast-global-color-5)","background-image":"","background-repeat":"repeat","background-position":"center center","background-size":"auto","background-attachment":"scroll","background-type":"","background-media":"","overlay-type":"","overlay-color":"","overlay-opacity":"","overlay-gradient":""},"tablet":{"background-color":"var(--ast-global-color-5)","background-image":"","background-repeat":"repeat","background-position":"center center","background-size":"auto","background-attachment":"scroll","background-type":"","background-media":"","overlay-type":"","overlay-color":"","overlay-opacity":"","overlay-gradient":""},"mobile":{"background-color":"var(--ast-global-color-5)","background-image":"","background-repeat":"repeat","background-position":"center center","background-size":"auto","background-attachment":"scroll","background-type":"","background-media":"","overlay-type":"","overlay-color":"","overlay-opacity":"","overlay-gradient":""}},"footnotes":""},"class_list":["post-9118","page","type-page","status-publish","hentry"],"_links":{"self":[{"href":"https:\/\/millen.lu\/en_gb\/wp-json\/wp\/v2\/pages\/9118","targetHints":{"allow":["GET"]}}],"collection":[{"href":"https:\/\/millen.lu\/en_gb\/wp-json\/wp\/v2\/pages"}],"about":[{"href":"https:\/\/millen.lu\/en_gb\/wp-json\/wp\/v2\/types\/page"}],"author":[{"embeddable":true,"href":"https:\/\/millen.lu\/en_gb\/wp-json\/wp\/v2\/users\/3"}],"replies":[{"embeddable":true,"href":"https:\/\/millen.lu\/en_gb\/wp-json\/wp\/v2\/comments?post=9118"}],"version-history":[{"count":19,"href":"https:\/\/millen.lu\/en_gb\/wp-json\/wp\/v2\/pages\/9118\/revisions"}],"predecessor-version":[{"id":9150,"href":"https:\/\/millen.lu\/en_gb\/wp-json\/wp\/v2\/pages\/9118\/revisions\/9150"}],"wp:attachment":[{"href":"https:\/\/millen.lu\/en_gb\/wp-json\/wp\/v2\/media?parent=9118"}],"curies":[{"name":"wp","href":"https:\/\/api.w.org\/{rel}","templated":true}]}}