{"id":8254,"date":"2024-03-08T15:46:26","date_gmt":"2024-03-08T14:46:26","guid":{"rendered":"https:\/\/millen.lu\/?page_id=8254"},"modified":"2024-03-22T11:02:57","modified_gmt":"2024-03-22T10:02:57","slug":"autres-moulins","status":"publish","type":"page","link":"https:\/\/millen.lu\/de\/autres-moulins\/","title":{"rendered":"Autres moulins"},"content":{"rendered":"<div data-elementor-type=\"wp-page\" data-elementor-id=\"8254\" class=\"elementor elementor-8254\">\n\t\t\t\t\t\t<section class=\"elementor-section elementor-top-section elementor-element elementor-element-eca7c62 elementor-section-boxed elementor-section-height-default elementor-section-height-default\" data-id=\"eca7c62\" data-element_type=\"section\" data-settings=\"{&quot;background_background&quot;:&quot;classic&quot;}\">\n\t\t\t\t\t\t<div class=\"elementor-container elementor-column-gap-default\">\n\t\t\t\t\t<div class=\"elementor-column elementor-col-100 elementor-top-column elementor-element elementor-element-544d8c62\" data-id=\"544d8c62\" data-element_type=\"column\">\n\t\t\t<div class=\"elementor-widget-wrap elementor-element-populated\">\n\t\t\t\t\t\t<section class=\"elementor-section elementor-inner-section elementor-element elementor-element-4dc34118 elementor-section-boxed elementor-section-height-default elementor-section-height-default\" data-id=\"4dc34118\" data-element_type=\"section\">\n\t\t\t\t\t\t<div class=\"elementor-container elementor-column-gap-default\">\n\t\t\t\t\t<div class=\"elementor-column elementor-col-50 elementor-inner-column elementor-element elementor-element-67578f1f\" data-id=\"67578f1f\" data-element_type=\"column\">\n\t\t\t<div class=\"elementor-widget-wrap elementor-element-populated\">\n\t\t\t\t\t\t<div class=\"elementor-element elementor-element-55c5e22 elementor-widget elementor-widget-heading\" data-id=\"55c5e22\" data-element_type=\"widget\" data-widget_type=\"heading.default\">\n\t\t\t\t<div class=\"elementor-widget-container\">\n\t\t\t\t\t<h6 class=\"elementor-heading-title elementor-size-default\">DIE TADLER MUEHLE<\/h6>\t\t\t\t<\/div>\n\t\t\t\t<\/div>\n\t\t\t\t\t<\/div>\n\t\t<\/div>\n\t\t\t\t<div class=\"elementor-column elementor-col-50 elementor-inner-column elementor-element elementor-element-56e82e84\" data-id=\"56e82e84\" data-element_type=\"column\">\n\t\t\t<div class=\"elementor-widget-wrap elementor-element-populated\">\n\t\t\t\t\t\t<div class=\"elementor-element elementor-element-1678fa69 elementor-widget-divider--view-line elementor-widget elementor-widget-divider\" data-id=\"1678fa69\" data-element_type=\"widget\" data-widget_type=\"divider.default\">\n\t\t\t\t<div class=\"elementor-widget-container\">\n\t\t\t\t\t\t\t<div class=\"elementor-divider\">\n\t\t\t<span class=\"elementor-divider-separator\">\n\t\t\t\t\t\t<\/span>\n\t\t<\/div>\n\t\t\t\t\t\t<\/div>\n\t\t\t\t<\/div>\n\t\t\t\t\t<\/div>\n\t\t<\/div>\n\t\t\t\t\t<\/div>\n\t\t<\/section>\n\t\t\t\t<div class=\"elementor-element elementor-element-1a9046ce elementor-widget elementor-widget-heading\" data-id=\"1a9046ce\" data-element_type=\"widget\" data-widget_type=\"heading.default\">\n\t\t\t\t<div class=\"elementor-widget-container\">\n\t\t\t\t\t<h4 class=\"elementor-heading-title elementor-size-default\">Tadler<\/h4>\t\t\t\t<\/div>\n\t\t\t\t<\/div>\n\t\t\t\t<div class=\"elementor-element elementor-element-51bebe53 elementor-widget-divider--view-line elementor-widget elementor-widget-divider\" data-id=\"51bebe53\" data-element_type=\"widget\" data-widget_type=\"divider.default\">\n\t\t\t\t<div class=\"elementor-widget-container\">\n\t\t\t\t\t\t\t<div class=\"elementor-divider\">\n\t\t\t<span class=\"elementor-divider-separator\">\n\t\t\t\t\t\t<\/span>\n\t\t<\/div>\n\t\t\t\t\t\t<\/div>\n\t\t\t\t<\/div>\n\t\t\t\t\t<\/div>\n\t\t<\/div>\n\t\t\t\t\t<\/div>\n\t\t<\/section>\n\t\t\t\t<section class=\"elementor-section elementor-top-section elementor-element elementor-element-2b5e3855 elementor-section-boxed elementor-section-height-default elementor-section-height-default\" data-id=\"2b5e3855\" data-element_type=\"section\" data-settings=\"{&quot;background_background&quot;:&quot;classic&quot;}\">\n\t\t\t\t\t\t<div class=\"elementor-container elementor-column-gap-default\">\n\t\t\t\t\t<div class=\"elementor-column elementor-col-50 elementor-top-column elementor-element elementor-element-213b8f59\" data-id=\"213b8f59\" data-element_type=\"column\">\n\t\t\t<div class=\"elementor-widget-wrap elementor-element-populated\">\n\t\t\t\t\t\t\t<\/div>\n\t\t<\/div>\n\t\t\t\t<div class=\"elementor-column elementor-col-50 elementor-top-column elementor-element elementor-element-2ca30ad8\" data-id=\"2ca30ad8\" data-element_type=\"column\">\n\t\t\t<div class=\"elementor-widget-wrap elementor-element-populated\">\n\t\t\t\t\t\t<div class=\"elementor-element elementor-element-2ace190e elementor-widget elementor-widget-heading\" data-id=\"2ace190e\" data-element_type=\"widget\" data-widget_type=\"heading.default\">\n\t\t\t\t<div class=\"elementor-widget-container\">\n\t\t\t\t\t<p class=\"elementor-heading-title elementor-size-medium\">Wenn man an der grossen Nationalstrasse Ettelbruck-Bastogne in Heiderscheid nach rechts abbiegt, erreicht man nach 4 km Fahrt das D\u00f6rfchen Tadler, das an einem absch\u00fcssigen Hang s\u00fcdlich des Obersauertales liegt. Von hier gelangt man nach einer Wegstrecke von nur einem Kilometer ins \"Pfaffental\" (Pafendall), ein schmales, tiefes Bachtal, in dem sich die Tadler M\u00fchle befand.\n\nEs ist anzunehmen, dass der Name Pfaffental von einem Kloster herr\u00fchrt, dem die Grundg\u00fcter in diesem Tal geh\u00f6rten. Wahrscheinlich handelte es sich um die Abtei St. Maximin in Trier, die auf Luxemburger Gebiet zahlreiche Besitzungen hatte. Die M\u00fchle wurde von dem Tadlerbach getrieben.\n\nDer Tadlerbach \nUnweit der H\u00f6henstrasse Heiderscheid-Kehmen-Bourscheid entspringt in \"Gloetter\" auf einer H\u00f6he von 465 m \u00fc. d. M. ein Bach, der \"Aleschbaach\" oder \"Todlerbaach\" genannt wird. Auf seinem Lauf, den steilen Taleinschnitt hinunter, nimmt er noch das Wasser einer Quelle im \"Bierbesch\" und von zwei seitlichen Rinnsalen in den Waldabh\u00e4ngen \"Freinbierg\" und \"Roudew\u00e4ldchen\" auf. Nur zwei Kilometer weit pl\u00e4t-schert das B\u00e4chlein, trieb dann kurz vor seiner M\u00fcndung die Tadler M\u00fchle und ergiesst sich auf einer H\u00f6he von 254 min die Sauer. \nAuf der kurzen Strecke von 2 km ist das Wasser um 211 m gefallen, was ein ausser-gew\u00f6hnliches Durchschnittsgef\u00e4lle von 10,55 m pro 100 m ausmacht.\n\nWohl war dieses Gef\u00e4lle geeignet, mittels eines oberschl\u00e4chtigen Wasserrades mit wenig Wasser eine grosse Kraft zu erzielen, aber in den Sommermonaten ist das B\u00e4chlein so wasserarm, dass es nicht in der Lage war, die M\u00fchle zu treiben. Deshalb hatte man oberhalb der M\u00fchle einen grossen Weiher angelegt, in dem man nachts das Wasser sammeln konnte, um tags\u00fcber einige Stunden mahlen zu k\u00f6nnen. <\/p>\t\t\t\t<\/div>\n\t\t\t\t<\/div>\n\t\t\t\t<div class=\"elementor-element elementor-element-741b7786 elementor-align-center elementor-widget elementor-widget-button\" data-id=\"741b7786\" data-element_type=\"widget\" data-widget_type=\"button.default\">\n\t\t\t\t<div class=\"elementor-widget-container\">\n\t\t\t\t\t\t\t\t\t<div class=\"elementor-button-wrapper\">\n\t\t\t\t\t<a class=\"elementor-button elementor-button-link elementor-size-sm\" href=\"https:\/\/www.kbr.be\/fr\/projets\/la-carte-de-ferraris\/\">\n\t\t\t\t\t\t<span class=\"elementor-button-content-wrapper\">\n\t\t\t\t\t\t\t\t\t<span class=\"elementor-button-text\">Lien vers La Biblioth\u00e8que royale de Belgique <\/span>\n\t\t\t\t\t<\/span>\n\t\t\t\t\t<\/a>\n\t\t\t\t<\/div>\n\t\t\t\t\t\t\t\t<\/div>\n\t\t\t\t<\/div>\n\t\t\t\t\t<\/div>\n\t\t<\/div>\n\t\t\t\t\t<\/div>\n\t\t<\/section>\n\t\t\t\t<section class=\"elementor-section elementor-top-section elementor-element elementor-element-06dca45 elementor-section-boxed elementor-section-height-default elementor-section-height-default\" data-id=\"06dca45\" data-element_type=\"section\" data-settings=\"{&quot;background_background&quot;:&quot;classic&quot;}\">\n\t\t\t\t\t\t<div class=\"elementor-container elementor-column-gap-default\">\n\t\t\t\t\t<div class=\"elementor-column elementor-col-50 elementor-top-column elementor-element elementor-element-2341add\" data-id=\"2341add\" data-element_type=\"column\">\n\t\t\t<div class=\"elementor-widget-wrap elementor-element-populated\">\n\t\t\t\t\t\t<div class=\"elementor-element elementor-element-d78da53 elementor-widget elementor-widget-text-editor\" data-id=\"d78da53\" data-element_type=\"widget\" data-widget_type=\"text-editor.default\">\n\t\t\t\t<div class=\"elementor-widget-container\">\n\t\t\t\t\t\t\t\t\t<p>Die Tadelerm\u00fchle im -Kataster der Kaiserin -Maria-Theresia 1766<\/p>\t\t\t\t\t\t\t\t<\/div>\n\t\t\t\t<\/div>\n\t\t\t\t<div class=\"elementor-element elementor-element-0f2aa91 elementor-widget elementor-widget-text-editor\" data-id=\"0f2aa91\" data-element_type=\"widget\" data-widget_type=\"text-editor.default\">\n\t\t\t\t<div class=\"elementor-widget-container\">\n\t\t\t\t\t\t\t\t\t<p>Wann die Tadler M\u00fchle gegr\u00fcndet wurde, wissen wir noch nicht. Doch gibt es aus dem Jahre 1766 zwei Katasterdeklarationen des Mathias EILEIDEN, der als M\u00fcller auf der Tadler M\u00fchle bezeichnet wird, die in der \u00ab\u00a0Herrschafft Esch auff der sauren\u00a0\u00bb liegt. Der M\u00fcller Mathias EILEIDEN ist \u00ab\u00a0wohnhafft auff der Thateler m\u00fcllen in gedachter herrschafft\u00a0\u00bb. <br \/>Ihm geh\u00f6rte:<\/p>\t\t\t\t\t\t\t\t<\/div>\n\t\t\t\t<\/div>\n\t\t\t\t\t<\/div>\n\t\t<\/div>\n\t\t\t\t<div class=\"elementor-column elementor-col-50 elementor-top-column elementor-element elementor-element-1af5e7f\" data-id=\"1af5e7f\" data-element_type=\"column\">\n\t\t\t<div class=\"elementor-widget-wrap elementor-element-populated\">\n\t\t\t\t\t\t<div class=\"elementor-element elementor-element-9376469 elementor-widget elementor-widget-heading\" data-id=\"9376469\" data-element_type=\"widget\" data-widget_type=\"heading.default\">\n\t\t\t\t<div class=\"elementor-widget-container\">\n\t\t\t\t\t<p class=\"elementor-heading-title elementor-size-medium\">Wenn man an der grossen Nationalstrasse Ettelbruck-Bastogne in Heiderscheid nach rechts abbiegt, erreicht man nach 4 km Fahrt das D\u00f6rfchen Tadler, das an einem absch\u00fcssigen Hang s\u00fcdlich des Obersauertales liegt. Von hier gelangt man nach einer Wegstrecke von nur einem Kilometer ins \"Pfaffental\" (Pafendall), ein schmales, tiefes Bachtal, in dem sich die Tadler M\u00fchle befand.\n\nEs<\/p>\t\t\t\t<\/div>\n\t\t\t\t<\/div>\n\t\t\t\t<div class=\"elementor-element elementor-element-58e23ba elementor-align-center elementor-widget elementor-widget-button\" data-id=\"58e23ba\" data-element_type=\"widget\" data-widget_type=\"button.default\">\n\t\t\t\t<div class=\"elementor-widget-container\">\n\t\t\t\t\t\t\t\t\t<div class=\"elementor-button-wrapper\">\n\t\t\t\t\t<a class=\"elementor-button elementor-button-link elementor-size-sm\" href=\"https:\/\/www.kbr.be\/fr\/projets\/la-carte-de-ferraris\/\">\n\t\t\t\t\t\t<span class=\"elementor-button-content-wrapper\">\n\t\t\t\t\t\t\t\t\t<span class=\"elementor-button-text\">Lien vers La Biblioth\u00e8que royale de Belgique <\/span>\n\t\t\t\t\t<\/span>\n\t\t\t\t\t<\/a>\n\t\t\t\t<\/div>\n\t\t\t\t\t\t\t\t<\/div>\n\t\t\t\t<\/div>\n\t\t\t\t\t<\/div>\n\t\t<\/div>\n\t\t\t\t\t<\/div>\n\t\t<\/section>\n\t\t\t\t<section class=\"elementor-section elementor-top-section elementor-element elementor-element-3f1b644 elementor-section-boxed elementor-section-height-default elementor-section-height-default\" data-id=\"3f1b644\" data-element_type=\"section\">\n\t\t\t\t\t\t<div class=\"elementor-container elementor-column-gap-default\">\n\t\t\t\t\t<div class=\"elementor-column elementor-col-100 elementor-top-column elementor-element elementor-element-755b641\" data-id=\"755b641\" data-element_type=\"column\">\n\t\t\t<div class=\"elementor-widget-wrap elementor-element-populated\">\n\t\t\t\t\t\t<div class=\"elementor-element elementor-element-77ddb8a elementor-widget elementor-widget-text-editor\" data-id=\"77ddb8a\" data-element_type=\"widget\" data-widget_type=\"text-editor.default\">\n\t\t\t\t<div class=\"elementor-widget-container\">\n\t\t\t\t\t\t\t\t\t<p>Lorem ipsum dolor sit amet, consectetur adipiscing elit. Ut elit tellus, luctus nec ullamcorper mattis, pulvinar dapibus leo.<\/p>\t\t\t\t\t\t\t\t<\/div>\n\t\t\t\t<\/div>\n\t\t\t\t\t<\/div>\n\t\t<\/div>\n\t\t\t\t\t<\/div>\n\t\t<\/section>\n\t\t\t\t<\/div>","protected":false},"excerpt":{"rendered":"<p>DIE TADLER MUEHLE Tadler Wenn man an der grossen Nationalstrasse Ettelbruck-Bastogne in Heiderscheid nach rechts abbiegt, erreicht man nach 4 km Fahrt das D\u00f6rfchen Tadler, das an einem absch\u00fcssigen Hang s\u00fcdlich des Obersauertales liegt. Von hier gelangt man nach einer Wegstrecke von nur einem Kilometer ins \u00ab\u00a0Pfaffental\u00a0\u00bb (Pafendall), ein schmales, tiefes Bachtal, in dem sich [&hellip;]<\/p>","protected":false},"author":1,"featured_media":0,"parent":0,"menu_order":0,"comment_status":"closed","ping_status":"closed","template":"","meta":{"site-sidebar-layout":"no-sidebar","site-content-layout":"page-builder","ast-site-content-layout":"full-width-container","site-content-style":"default","site-sidebar-style":"default","ast-global-header-display":"","ast-banner-title-visibility":"","ast-main-header-display":"","ast-hfb-above-header-display":"","ast-hfb-below-header-display":"","ast-hfb-mobile-header-display":"","site-post-title":"disabled","ast-breadcrumbs-content":"","ast-featured-img":"disabled","footer-sml-layout":"","theme-transparent-header-meta":"","adv-header-id-meta":"","stick-header-meta":"","header-above-stick-meta":"","header-main-stick-meta":"","header-below-stick-meta":"","astra-migrate-meta-layouts":"default","ast-page-background-enabled":"default","ast-page-background-meta":{"desktop":{"background-color":"","background-image":"","background-repeat":"repeat","background-position":"center center","background-size":"auto","background-attachment":"scroll","background-type":"","background-media":"","overlay-type":"","overlay-color":"","overlay-opacity":"","overlay-gradient":""},"tablet":{"background-color":"","background-image":"","background-repeat":"repeat","background-position":"center center","background-size":"auto","background-attachment":"scroll","background-type":"","background-media":"","overlay-type":"","overlay-color":"","overlay-opacity":"","overlay-gradient":""},"mobile":{"background-color":"","background-image":"","background-repeat":"repeat","background-position":"center center","background-size":"auto","background-attachment":"scroll","background-type":"","background-media":"","overlay-type":"","overlay-color":"","overlay-opacity":"","overlay-gradient":""}},"ast-content-background-meta":{"desktop":{"background-color":"var(--ast-global-color-5)","background-image":"","background-repeat":"repeat","background-position":"center center","background-size":"auto","background-attachment":"scroll","background-type":"","background-media":"","overlay-type":"","overlay-color":"","overlay-opacity":"","overlay-gradient":""},"tablet":{"background-color":"var(--ast-global-color-5)","background-image":"","background-repeat":"repeat","background-position":"center center","background-size":"auto","background-attachment":"scroll","background-type":"","background-media":"","overlay-type":"","overlay-color":"","overlay-opacity":"","overlay-gradient":""},"mobile":{"background-color":"var(--ast-global-color-5)","background-image":"","background-repeat":"repeat","background-position":"center center","background-size":"auto","background-attachment":"scroll","background-type":"","background-media":"","overlay-type":"","overlay-color":"","overlay-opacity":"","overlay-gradient":""}},"footnotes":""},"class_list":["post-8254","page","type-page","status-publish","hentry"],"_links":{"self":[{"href":"https:\/\/millen.lu\/de\/wp-json\/wp\/v2\/pages\/8254","targetHints":{"allow":["GET"]}}],"collection":[{"href":"https:\/\/millen.lu\/de\/wp-json\/wp\/v2\/pages"}],"about":[{"href":"https:\/\/millen.lu\/de\/wp-json\/wp\/v2\/types\/page"}],"author":[{"embeddable":true,"href":"https:\/\/millen.lu\/de\/wp-json\/wp\/v2\/users\/1"}],"replies":[{"embeddable":true,"href":"https:\/\/millen.lu\/de\/wp-json\/wp\/v2\/comments?post=8254"}],"version-history":[{"count":22,"href":"https:\/\/millen.lu\/de\/wp-json\/wp\/v2\/pages\/8254\/revisions"}],"predecessor-version":[{"id":8620,"href":"https:\/\/millen.lu\/de\/wp-json\/wp\/v2\/pages\/8254\/revisions\/8620"}],"wp:attachment":[{"href":"https:\/\/millen.lu\/de\/wp-json\/wp\/v2\/media?parent=8254"}],"curies":[{"name":"wp","href":"https:\/\/api.w.org\/{rel}","templated":true}]}}