{"id":8253,"date":"2024-03-08T15:46:26","date_gmt":"2024-03-08T14:46:26","guid":{"rendered":"https:\/\/millen.lu\/?page_id=8253"},"modified":"2024-03-22T17:29:17","modified_gmt":"2024-03-22T16:29:17","slug":"emil-erpelding","status":"publish","type":"page","link":"https:\/\/millen.lu\/de\/emil-erpelding\/","title":{"rendered":"Emil Erpelding"},"content":{"rendered":"<div data-elementor-type=\"wp-page\" data-elementor-id=\"8253\" class=\"elementor elementor-8253\">\n\t\t\t\t\t\t<section class=\"elementor-section elementor-top-section elementor-element elementor-element-402a0598 elementor-section-boxed elementor-section-height-default elementor-section-height-default\" data-id=\"402a0598\" data-element_type=\"section\" data-settings=\"{&quot;background_background&quot;:&quot;classic&quot;}\">\n\t\t\t\t\t\t<div class=\"elementor-container elementor-column-gap-default\">\n\t\t\t\t\t<div class=\"elementor-column elementor-col-100 elementor-top-column elementor-element elementor-element-2cc5bd80\" data-id=\"2cc5bd80\" data-element_type=\"column\">\n\t\t\t<div class=\"elementor-widget-wrap elementor-element-populated\">\n\t\t\t\t\t\t<section class=\"elementor-section elementor-inner-section elementor-element elementor-element-5624d755 elementor-section-boxed elementor-section-height-default elementor-section-height-default\" data-id=\"5624d755\" data-element_type=\"section\">\n\t\t\t\t\t\t<div class=\"elementor-container elementor-column-gap-default\">\n\t\t\t\t\t<div class=\"elementor-column elementor-col-50 elementor-inner-column elementor-element elementor-element-148915e7\" data-id=\"148915e7\" data-element_type=\"column\">\n\t\t\t<div class=\"elementor-widget-wrap elementor-element-populated\">\n\t\t\t\t\t\t<div class=\"elementor-element elementor-element-6198b056 elementor-widget elementor-widget-heading\" data-id=\"6198b056\" data-element_type=\"widget\" data-widget_type=\"heading.default\">\n\t\t\t\t<div class=\"elementor-widget-container\">\n\t\t\t\t\t<h6 class=\"elementor-heading-title elementor-size-default\">Recherche Emil Erpelding<\/h6>\t\t\t\t<\/div>\n\t\t\t\t<\/div>\n\t\t\t\t\t<\/div>\n\t\t<\/div>\n\t\t\t\t<div class=\"elementor-column elementor-col-50 elementor-inner-column elementor-element elementor-element-523f02b6\" data-id=\"523f02b6\" data-element_type=\"column\">\n\t\t\t<div class=\"elementor-widget-wrap elementor-element-populated\">\n\t\t\t\t\t\t<div class=\"elementor-element elementor-element-2e80c5ca elementor-widget-divider--view-line elementor-widget elementor-widget-divider\" data-id=\"2e80c5ca\" data-element_type=\"widget\" data-widget_type=\"divider.default\">\n\t\t\t\t<div class=\"elementor-widget-container\">\n\t\t\t\t\t\t\t<div class=\"elementor-divider\">\n\t\t\t<span class=\"elementor-divider-separator\">\n\t\t\t\t\t\t<\/span>\n\t\t<\/div>\n\t\t\t\t\t\t<\/div>\n\t\t\t\t<\/div>\n\t\t\t\t\t<\/div>\n\t\t<\/div>\n\t\t\t\t\t<\/div>\n\t\t<\/section>\n\t\t\t\t<div class=\"elementor-element elementor-element-3367fe7f elementor-widget elementor-widget-heading\" data-id=\"3367fe7f\" data-element_type=\"widget\" data-widget_type=\"heading.default\">\n\t\t\t\t<div class=\"elementor-widget-container\">\n\t\t\t\t\t<h4 class=\"elementor-heading-title elementor-size-default\">Die Tadler M\u00fchle<\/h4>\t\t\t\t<\/div>\n\t\t\t\t<\/div>\n\t\t\t\t<div class=\"elementor-element elementor-element-648cf768 elementor-widget-divider--view-line elementor-widget elementor-widget-divider\" data-id=\"648cf768\" data-element_type=\"widget\" data-widget_type=\"divider.default\">\n\t\t\t\t<div class=\"elementor-widget-container\">\n\t\t\t\t\t\t\t<div class=\"elementor-divider\">\n\t\t\t<span class=\"elementor-divider-separator\">\n\t\t\t\t\t\t<\/span>\n\t\t<\/div>\n\t\t\t\t\t\t<\/div>\n\t\t\t\t<\/div>\n\t\t\t\t\t<\/div>\n\t\t<\/div>\n\t\t\t\t\t<\/div>\n\t\t<\/section>\n\t\t\t\t<section class=\"elementor-section elementor-top-section elementor-element elementor-element-4ab6aa0 elementor-section-boxed elementor-section-height-default elementor-section-height-default\" data-id=\"4ab6aa0\" data-element_type=\"section\" data-settings=\"{&quot;background_background&quot;:&quot;classic&quot;}\">\n\t\t\t\t\t\t<div class=\"elementor-container elementor-column-gap-default\">\n\t\t\t\t\t<div class=\"elementor-column elementor-col-50 elementor-top-column elementor-element elementor-element-2bcd8df4\" data-id=\"2bcd8df4\" data-element_type=\"column\">\n\t\t\t<div class=\"elementor-widget-wrap elementor-element-populated\">\n\t\t\t\t\t\t<div class=\"elementor-element elementor-element-5d2eb90 elementor-widget elementor-widget-image\" data-id=\"5d2eb90\" data-element_type=\"widget\" data-widget_type=\"image.default\">\n\t\t\t\t<div class=\"elementor-widget-container\">\n\t\t\t\t\t\t\t\t\t\t\t\t<figure class=\"wp-caption\">\n\t\t\t\t\t\t\t\t\t\t\t<a href=\"https:\/\/millen.lu\/wp-content\/uploads\/2024\/03\/Tadelermillen.jpg\" target=\"_blank\">\n\t\t\t\t\t\t\t<img fetchpriority=\"high\" decoding=\"async\" width=\"940\" height=\"787\" src=\"https:\/\/millen.lu\/wp-content\/uploads\/2024\/03\/Tadelermillen.jpg\" class=\"attachment-large size-large wp-image-8725\" alt=\"\" srcset=\"https:\/\/millen.lu\/wp-content\/uploads\/2024\/03\/Tadelermillen.jpg 940w, https:\/\/millen.lu\/wp-content\/uploads\/2024\/03\/Tadelermillen-300x251.jpg 300w, https:\/\/millen.lu\/wp-content\/uploads\/2024\/03\/Tadelermillen-768x643.jpg 768w, https:\/\/millen.lu\/wp-content\/uploads\/2024\/03\/Tadelermillen-14x12.jpg 14w\" sizes=\"(max-width: 940px) 100vw, 940px\" \/>\t\t\t\t\t\t\t\t<\/a>\n\t\t\t\t\t\t\t\t\t\t\t<figcaption class=\"widget-image-caption wp-caption-text\"><\/figcaption>\n\t\t\t\t\t\t\t\t\t\t<\/figure>\n\t\t\t\t\t\t\t\t\t<\/div>\n\t\t\t\t<\/div>\n\t\t\t\t\t<\/div>\n\t\t<\/div>\n\t\t\t\t<div class=\"elementor-column elementor-col-50 elementor-top-column elementor-element elementor-element-22c435f2\" data-id=\"22c435f2\" data-element_type=\"column\">\n\t\t\t<div class=\"elementor-widget-wrap elementor-element-populated\">\n\t\t\t\t\t\t<div class=\"elementor-element elementor-element-25f4c84a elementor-widget elementor-widget-heading\" data-id=\"25f4c84a\" data-element_type=\"widget\" data-widget_type=\"heading.default\">\n\t\t\t\t<div class=\"elementor-widget-container\">\n\t\t\t\t\t<p class=\"elementor-heading-title elementor-size-medium\">Wenn man an der grossen Nationalstrasse Ettelbruck-Bastogne in Heiderscheid nach rechts abbiegt, erreicht man nach 4 km Fahrt das D\u00f6rfchen Tadler, das an einem absch\u00fcssigen Hang s\u00fcdlich des Obersauertales liegt. Von hier gelangt man nach einer Wegstrecke von nur einem Kilometer ins \"Pfaffental\" (Pafendall), ein schmales, tiefes Bachtal, in dem sich die Tadler M\u00fchle befand.\n\nEs ist anzunehmen, dass der Name Pfaffental von einem Kloster herr\u00fchrt, dem die Grundg\u00fcter in diesem Tal geh\u00f6rten. Wahrscheinlich handelte es sich um die Abtei St. Maximin in Trier, die auf Luxemburger Gebiet zahlreiche Besitzungen hatte. Die M\u00fchle wurde von dem Tadlerbach getrieben. <\/p>\t\t\t\t<\/div>\n\t\t\t\t<\/div>\n\t\t\t\t<div class=\"elementor-element elementor-element-347fa3a6 elementor-align-center elementor-widget elementor-widget-button\" data-id=\"347fa3a6\" data-element_type=\"widget\" data-widget_type=\"button.default\">\n\t\t\t\t<div class=\"elementor-widget-container\">\n\t\t\t\t\t\t\t\t\t<div class=\"elementor-button-wrapper\">\n\t\t\t\t\t<a class=\"elementor-button elementor-button-link elementor-size-sm\" href=\"https:\/\/www.kbr.be\/fr\/projets\/la-carte-de-ferraris\/\">\n\t\t\t\t\t\t<span class=\"elementor-button-content-wrapper\">\n\t\t\t\t\t\t\t\t\t<span class=\"elementor-button-text\">Lien vers La Biblioth\u00e8que royale de Belgique <\/span>\n\t\t\t\t\t<\/span>\n\t\t\t\t\t<\/a>\n\t\t\t\t<\/div>\n\t\t\t\t\t\t\t\t<\/div>\n\t\t\t\t<\/div>\n\t\t\t\t\t<\/div>\n\t\t<\/div>\n\t\t\t\t\t<\/div>\n\t\t<\/section>\n\t\t\t\t<section class=\"elementor-section elementor-top-section elementor-element elementor-element-b348f67 elementor-section-boxed elementor-section-height-default elementor-section-height-default\" data-id=\"b348f67\" data-element_type=\"section\" data-settings=\"{&quot;background_background&quot;:&quot;classic&quot;}\">\n\t\t\t\t\t\t<div class=\"elementor-container elementor-column-gap-default\">\n\t\t\t\t\t<div class=\"elementor-column elementor-col-50 elementor-top-column elementor-element elementor-element-6e4874f\" data-id=\"6e4874f\" data-element_type=\"column\">\n\t\t\t<div class=\"elementor-widget-wrap elementor-element-populated\">\n\t\t\t\t\t\t<div class=\"elementor-element elementor-element-b3b27b5 elementor-widget elementor-widget-text-editor\" data-id=\"b3b27b5\" data-element_type=\"widget\" data-widget_type=\"text-editor.default\">\n\t\t\t\t<div class=\"elementor-widget-container\">\n\t\t\t\t\t\t\t\t\t<h5><strong>Die M\u00fchle im Kataster der Kaiserin Maria-Theresia 1766<\/strong><\/h5>\t\t\t\t\t\t\t\t<\/div>\n\t\t\t\t<\/div>\n\t\t\t\t<div class=\"elementor-element elementor-element-e4ef7f5 elementor-widget elementor-widget-text-editor\" data-id=\"e4ef7f5\" data-element_type=\"widget\" data-widget_type=\"text-editor.default\">\n\t\t\t\t<div class=\"elementor-widget-container\">\n\t\t\t\t\t\t\t\t\t<p>Wann die Tadler M\u00fchle gegr\u00fcndet wurde, wissen wir noch nicht. Doch gibt es aus dem Jahre 1766 zwei Katasterdeklarationen des Mathias EILEIDEN, der als M\u00fcller auf der Tadler M\u00fchle bezeichnet wird, die in der Herrschafft Esch auff der sauren\u00a0\u00bb liegt.<br \/>Der M\u00fcller Mathias EILEIDEN ist \u00ab\u00a0wohnhafft auff der Thateler m\u00fcllen in gedachter herrschafft\u00a0\u00bb.<br \/>Ihm geh\u00f6rte:<\/p>\t\t\t\t\t\t\t\t<\/div>\n\t\t\t\t<\/div>\n\t\t\t\t<div class=\"elementor-element elementor-element-066d41c elementor-widget elementor-widget-text-editor\" data-id=\"066d41c\" data-element_type=\"widget\" data-widget_type=\"text-editor.default\">\n\t\t\t\t<div class=\"elementor-widget-container\">\n\t\t\t\t\t\t\t\t\t<p>1. \u00ab\u00a0Einfeld, thut ein halbes morgen, traget Koren lentzfruchten, ruhet das dritte Jahr\u00a0\u00bb. Er zahlt \u00ab\u00a0den zehn zur zehnter garb\u00a0\u00bb.<br \/>2. \u00ab\u00a0Ein driesch, thut 152 creutzruthen, wird in 20 jahren geackert\u00a0\u00bb.<br \/>3. \u00ab\u00a0Drey g\u00e4rten, thun zusamen 57 creutzruthen\u00a0\u00bb.<br \/>4. \u00ab\u00a0Zwei wiesen, thun zusamen 1 morgen 35 creutzruthen, ertragen ahn heu<br \/>1 tausen Eschergewicht\u00a0\u00bb.<br \/>5. \u00ab\u00a0Ahn eichen hecken 3 thun zusamen 3 1\/2 morgen, werden in 20 jahren geschliesen und besehet, wilde hecken 2 morgen werden in 18 jahren gehauhen und mit korn besehet\u00a0\u00bb.<br \/>6. \u00ab\u00a0Ein weyer so zum m\u00fcllen lauff dienet ahn der gr\u00f6se 17 creutzruthen, ist in dem muhlentax\u00a0\u00bb.<br \/>7. \u00ab\u00a0Gemeinschafftlich mit denen inwohneren des dorffs thateler ubertrief auff heiderscheit, Goesdorff, bocholtz, ringel\u00a0\u00bb.<br \/>8. \u00ab\u00a0Ein wohnhauss, Scheur und sonst bed\u00fcrftige stallungen, unter Theteler gelegen. Ein mahlmullen mit einem lauff, daran gelegen. Zu obserwiren, das die mahlmullen mit keinen geb\u00e4nten versehen ist und das das halbscheit des Jahrs das waser derselben abgehet\u00a0\u00bb.<\/p>\t\t\t\t\t\t\t\t<\/div>\n\t\t\t\t<\/div>\n\t\t\t\t\t<\/div>\n\t\t<\/div>\n\t\t\t\t<div class=\"elementor-column elementor-col-50 elementor-top-column elementor-element elementor-element-3eec754\" data-id=\"3eec754\" data-element_type=\"column\">\n\t\t\t<div class=\"elementor-widget-wrap elementor-element-populated\">\n\t\t\t\t\t\t<div class=\"elementor-element elementor-element-e664cc0 elementor-widget elementor-widget-text-editor\" data-id=\"e664cc0\" data-element_type=\"widget\" data-widget_type=\"text-editor.default\">\n\t\t\t\t<div class=\"elementor-widget-container\">\n\t\t\t\t\t\t\t\t\t<h5><strong>Der Tadlerbach<\/strong><\/h5>\t\t\t\t\t\t\t\t<\/div>\n\t\t\t\t<\/div>\n\t\t\t\t<div class=\"elementor-element elementor-element-facf8fc elementor-widget elementor-widget-text-editor\" data-id=\"facf8fc\" data-element_type=\"widget\" data-widget_type=\"text-editor.default\">\n\t\t\t\t<div class=\"elementor-widget-container\">\n\t\t\t\t\t\t\t\t\t<p>Unweit der H\u00f6henstrasse Heiderscheid-Kehmen-Bourscheid entspringt in \u00ab\u00a0Gloetter\u00a0\u00bb auf einer H\u00f6he von 465 m \u00fc. d. M. ein Bach, der \u00ab\u00a0Aleschbaach\u00a0\u00bb oder \u00ab\u00a0Todlerbaach\u00a0\u00bb genannt wird. Auf seinem Lauf, den steilen Taleinschnitt hinunter, nimmt er noch das Wasser einer Quelle im \u00ab\u00a0Bierbesch\u00a0\u00bb und von zwei seitlichen Rinnsalen in den Waldabh\u00e4ngen \u00ab\u00a0Freinbierg\u00a0\u00bb und \u00ab\u00a0Roudew\u00e4ldchen\u00a0\u00bb auf. Nur zwei Kilometer weit pl\u00e4t-schert das B\u00e4chlein, trieb dann kurz vor seiner M\u00fcndung die Tadler M\u00fchle und ergiesst sich auf einer H\u00f6he von 254 min die Sauer.<\/p><p>Auf der kurzen Strecke von 2 km ist das Wasser um 211 m gefallen, was ein ausser-gew\u00f6hnliches Durchschnittsgef\u00e4lle von 10,55 m pro 100 m ausmacht.<\/p><p>Wohl war dieses Gef\u00e4lle geeignet, mittels eines oberschl\u00e4chtigen Wasserrades mit wenig Wasser eine grosse Kraft zu erzielen, aber in den Sommermonaten ist das B\u00e4chlein so wasserarm, dass es nicht in der Lage war, die M\u00fchle zu treiben. Deshalb hatte man oberhalb der M\u00fchle einen grossen Weiher angelegt, in dem man nachts das Wasser sammeln konnte, um tags\u00fcber einige Stunden mahlen zu k\u00f6nnen.<\/p>\t\t\t\t\t\t\t\t<\/div>\n\t\t\t\t<\/div>\n\t\t\t\t\t<\/div>\n\t\t<\/div>\n\t\t\t\t\t<\/div>\n\t\t<\/section>\n\t\t\t\t<section class=\"elementor-section elementor-top-section elementor-element elementor-element-9dba80f elementor-section-boxed elementor-section-height-default elementor-section-height-default\" data-id=\"9dba80f\" data-element_type=\"section\" data-settings=\"{&quot;background_background&quot;:&quot;classic&quot;}\">\n\t\t\t\t\t\t<div class=\"elementor-container elementor-column-gap-default\">\n\t\t\t\t\t<div class=\"elementor-column elementor-col-100 elementor-top-column elementor-element elementor-element-3410633\" data-id=\"3410633\" data-element_type=\"column\">\n\t\t\t<div class=\"elementor-widget-wrap elementor-element-populated\">\n\t\t\t\t\t\t<div class=\"elementor-element elementor-element-23ccc99 elementor-widget elementor-widget-text-editor\" data-id=\"23ccc99\" data-element_type=\"widget\" data-widget_type=\"text-editor.default\">\n\t\t\t\t<div class=\"elementor-widget-container\">\n\t\t\t\t\t\t\t\t\t<p>In der zweiten Deklaration wird \u00ab\u00a0eine wiess\u00a0\u00bb angegeben, \u00ab\u00a0ertraget ein Jahr ins andere ahn Heu ein tausent\u00a0\u00bb. Er gibt davon den Zehnten ab. <br \/>Ueber die angegebenen Fl\u00e4chenbezeichnungen ist zu bemerken, dass ein Morgen aus 160 Ruthen und eine Ruthe aus 16 Fuss besteht. Alle Masse verstehen sich als Fl\u00e4chenmasse oder \u00ab\u00a0im Geviert\u00a0\u00bb. Ein Morgen war 35,68 Ar, eine Ruthe hatte 22,30 qm, ein Fuss (im Geviert) mass 1,39 qm. Berechnet man die Gesamtfl\u00e4che der angegebenen L\u00e4ndereien, so ergeben sich 2 ha 58 a 59 qm. Bedenkt man, dass der gr\u00f6sste Teil davon unfruchtbar war und einen armseligen Ertrag lieferte, so war der Besitz und das Einkommen \u00ab\u00a0zu wenig zum Leben und zuviel zum Sterben\u00a0\u00bb. <br \/>Als Kapitalwert sch\u00e4tzten die Taxatoren das Ganze mit rund 124 Talern, deren Nettoertrag mit 4 Talern, 7 Schilling und 5 Sols rund 23 Goldfranken ausmachte. F\u00fcr die Summe erhielt man etwa 3 &#8211; 4 Fuder Heu. <br \/>Es ist anzunehmen, dass der Mahllohn aus der M\u00fchle den Inhaber einigermassen \u00ab\u00a0\u00fcber Wasser halten\u00a0\u00bb musste.\u00a0<\/p>\t\t\t\t\t\t\t\t<\/div>\n\t\t\t\t<\/div>\n\t\t\t\t<div class=\"elementor-element elementor-element-cb9b98b elementor-widget elementor-widget-text-editor\" data-id=\"cb9b98b\" data-element_type=\"widget\" data-widget_type=\"text-editor.default\">\n\t\t\t\t<div class=\"elementor-widget-container\">\n\t\t\t\t\t\t\t\t\t<h5>Ein aufschlussreicher Heiratsakt<\/h5>\t\t\t\t\t\t\t\t<\/div>\n\t\t\t\t<\/div>\n\t\t\t\t<div class=\"elementor-element elementor-element-a8d335d elementor-widget elementor-widget-text-editor\" data-id=\"a8d335d\" data-element_type=\"widget\" data-widget_type=\"text-editor.default\">\n\t\t\t\t<div class=\"elementor-widget-container\">\n\t\t\t\t\t\t\t\t\t<p>Am 6. November 1809 wurde durch B\u00fcgermeister Jean VINANDY in Heiderscheid eine Heirat vorgenommen. Der Br\u00e4utigam war Jean-Pierre LOESCH, geboren in Tadler am 27. Dezember 1786, Sohn des verstorbenen Henri LOESCH und der Marguerite SCHROEDER, Ackersleute in Tadler. Henri LOESCH, Sohn von Philippe LOESCH und Anna-Margareta CORNET, war aus Niederfeulen gekommen und hatte 1781 Anne-Marguerite SCHROEDER, Tochter von Nikolaus SCHROEDER und Anne-Marguerite SCHAACK aus Tadler geheiratet, um dort zu bleiben. Die Eheleute LOESCH-SCHROEDER sind auch die Stammeltern des fr\u00fcheren Hofmarschalls Alfred LOESCH (1902-1982). <br \/>Die Braut war die M\u00fcllerstochter Catherine SCHMIT aus der Tadler M\u00fchle. Sie kam am 25. Dezember 1775 in Tadler als Tochter von Jean SCHMIT und Elisabeth GLOESENER zur Welt. Woher die beiden stammten, konnte noch nicht gefunden werden. Sie hatten die Tadler M\u00fchle nach 1766 \u00fcbernommen. Der M\u00fcller starb vor 1809. Seine Frau f\u00fchrte den M\u00fchlenbetrieb weiter. Die Tochter Catherine arbeitete als Dienstmagd in Niederwampach.<\/p><p>Als Zeugen unterschrieben den Heiratsakt Gaspard RASSEL und Stephan THILMANY aus Ringel, Thomas SCHROEDER aus Tadler sowie Jean PONCIN, Vikar in Heiderscheid. <br \/>Mit dieser Hochzeit wurde eine Familie gegrundet\u00a0 deren Nachkommen in direkter Linie bis heute mit acht Generationen den Hof der einstigen Tadler M\u00fchle belebt haben.<\/p>\t\t\t\t\t\t\t\t<\/div>\n\t\t\t\t<\/div>\n\t\t\t\t<div class=\"elementor-element elementor-element-f6691e8 elementor-widget elementor-widget-text-editor\" data-id=\"f6691e8\" data-element_type=\"widget\" data-widget_type=\"text-editor.default\">\n\t\t\t\t<div class=\"elementor-widget-container\">\n\t\t\t\t\t\t\t\t\t<h5>Die M\u00fchle im Kataster von 1824<\/h5>\t\t\t\t\t\t\t\t<\/div>\n\t\t\t\t<\/div>\n\t\t\t\t<div class=\"elementor-element elementor-element-ea43ee8 elementor-widget elementor-widget-text-editor\" data-id=\"ea43ee8\" data-element_type=\"widget\" data-widget_type=\"text-editor.default\">\n\t\t\t\t<div class=\"elementor-widget-container\">\n\t\t\t\t\t\t\t\t\t<p>Ein konkreter Beweis f\u00fcr die Existenz der Tadler M\u00fchle sind die Urpl\u00e4ne sowie die Matrikeln des Katasters von 1824. In den Matrikeln, dem sogenannten Grundbuch, ist die Tadler M\u00fchle unter der Sektion A Nr. 3 der Heiderscheider Gemeinde mit dem Namen des Besitzers Jean-Pierre LOESCH eingetragen. Als Beruf wird \u00ab\u00a0meunier\u00a0\u00bb genannt. Die Gegend oder der Flurname ist als \u00ab\u00a0Pfaffental\u00a0\u00bb bezeichnet. In sp\u00e4teren Jahren wurde der Name Jean-Pierre LOESCH gestrichen und der neue Besitzer \u00ab\u00a0Jean LOESCH&rsquo; dar\u00fcber geschrieben. Das fand in den Jahren zwischen 1824 und 1842 statt.<\/p><p>Aus dem Katasterplan 1824 ist ersichtlich, dass das M\u00fchlengeb\u00e4ude ungef\u00e4hr 21 m lang und etwas mehr als 6 m breit war. Man hatte es in Stall, Wohnhaus und M\u00fchle, welche sich am \u00f6stlichen Giebel befand, eingeteilt. Die Scheune lag auf der gegen\u00fcberliegenden Seite des Weges.<\/p><p>Oberhalb der M\u00fchle war ein ziemlich grosser Weiher angelegt, der wegen der periodischen Wasserarmut des Tadlerbachs notwendig war. Es ist anzunehmen, dass sich das Wasserrad am Giebel der M\u00fchle befand. Es gibt keinen Zeugen und es konnte noch kein Dokument gefunden werden, die uns bezeugen k\u00f6nnten, wie die M\u00fchle aussah und eingerichtet war. Denn, als um 1845 in der Katasterverwaltung neue Grundb\u00fccher angelegt wurden, bezeichnete man das Geb\u00e4ude nicht mehr als M\u00fchle.<\/p><p>Das oberschl\u00e4chtige M\u00fchlrad hatte wahrscheinlich einen Durchmesser von 4 &#8211; 5 Metern. Es befand sich in der Tiefe auf Kellerh\u00f6he und \u00fcbertrug die Wasserkraft \u00fcber den Hellbaum und das Kammrad auf den M\u00fchlgang, der sich im Erdgeschoss befand und auf dessen Trimme man das Getreide aufsch\u00fcttete. Das gemahlene Gut fiel im Keller in die S\u00e4cke. Ob sich hier eine Reinigungsmaschine und eine Siebvorrichtung befanden, ist zu bezweifeln. Die M\u00fchle war, wie viele andere in jenen Zeiten, eine primitive Einrichtung, die fr\u00fchzeitig der Konkurrenz und dem Fortschritt zum Opfer fiel. Um 1850 bis 1860 stellte der Betrieb seine T\u00e4tigkeit ein. Wasserrad und Inneneinrichtung rfielen. Bisher hat man kein Spur, nicht einmal von den M\u00fchlsteinen, gefunden. Nur der Name \u00ab\u00a0Tadler M\u00fchle\u00a0\u00bb blieb.<\/p>\t\t\t\t\t\t\t\t<\/div>\n\t\t\t\t<\/div>\n\t\t\t\t\t<\/div>\n\t\t<\/div>\n\t\t\t\t\t<\/div>\n\t\t<\/section>\n\t\t\t\t<section class=\"elementor-section elementor-top-section elementor-element elementor-element-4e10665 elementor-section-boxed elementor-section-height-default elementor-section-height-default\" data-id=\"4e10665\" data-element_type=\"section\" data-settings=\"{&quot;background_background&quot;:&quot;classic&quot;}\">\n\t\t\t\t\t\t<div class=\"elementor-container elementor-column-gap-default\">\n\t\t\t\t\t<div class=\"elementor-column elementor-col-100 elementor-top-column elementor-element elementor-element-aa883f1\" data-id=\"aa883f1\" data-element_type=\"column\">\n\t\t\t<div class=\"elementor-widget-wrap elementor-element-populated\">\n\t\t\t\t\t\t<div class=\"elementor-element elementor-element-a30231e elementor-widget elementor-widget-text-editor\" data-id=\"a30231e\" data-element_type=\"widget\" data-widget_type=\"text-editor.default\">\n\t\t\t\t<div class=\"elementor-widget-container\">\n\t\t\t\t\t\t\t\t\t<h5>Das Leben geht weiter<\/h5>\t\t\t\t\t\t\t\t<\/div>\n\t\t\t\t<\/div>\n\t\t\t\t<div class=\"elementor-element elementor-element-fccc723 elementor-widget elementor-widget-text-editor\" data-id=\"fccc723\" data-element_type=\"widget\" data-widget_type=\"text-editor.default\">\n\t\t\t\t<div class=\"elementor-widget-container\">\n\t\t\t\t\t\t\t\t\t<p>Neben dem Mahlbetrieb war die Familie gezwungen, Landwirtschaft und Viehzucht zu betreiben, um leben zu k\u00f6nnen.<\/p><p>Am 7. Mai 1834 heiratete der M\u00fcllerssohn Jean LOESCH, geboren am 5. September 1810, in Heiderscheid Marie-Catherine DUPONG, geboren in Welscheid am 3. Oktober 1812 als Tochter von Cornelius DUPONG und Catherine HENGEN. Trauzeugen waren: Jean-Nicolas MALLIET, Michel SCHAULS, Gaspard REISEN und Henri KELLEN, alle aus Heiderscheid.<\/p><p>Mit der n\u00e4chsten Generation wechselte der Name. Die weltliche Heirat wurde in der Gemeinde Goesdorf vorgenommen. Am 26. Dezember 1860 heiratete die M\u00fcllerstochter Catherine LOESCH, geboren auf der \u00ab\u00a0Tadler M\u00fchlen\u00a0\u00bb am 14. September 1835, Reinard KEISER, der in Schlindermanderscheid am 26. August 1833 geboren wurde als Sohn von Bernard KEISER und Madeleine SCHROEDER. Als Zeugen unterschrieben: Nicolas LOESCH, Peter EVEN und Johann EVEN, alle aus Bockholtz a.d. Sauer sowie Heinrich SCHADECK aus Tadler.<\/p><p>Als diese Hochzeit stattfand, war es mit dem M\u00fchlenbetrieb bereits vorbei. Die Lage war ung\u00fcnstig gewesen. M\u00fchlenkunden konnte man nur aus Tadler und Ringel erwarten. Dabei waren die Wege schlecht und unbefahrbar. Die meisten Besucher schleppten das Getreide auf ihren Schultern oder auf Esels R\u00fccken herbei. Die Heiderscheider hatten ihre M\u00fchle in Heiderscheidergrund und die Bauern der andern H\u00f6henorte Kehmen und Scheidel wurden in der Bourscheider M\u00fchle oder in Welscheid bedient.<br \/>Das Tadler M\u00fchlchen litt oft an Wassermangel und konnte in technischer Hinsicht mit benachbarten M\u00fchlen nicht Schritt halten. Der Mahlbetrieb musste aufgegeben werden.<\/p>\t\t\t\t\t\t\t\t<\/div>\n\t\t\t\t<\/div>\n\t\t\t\t<div class=\"elementor-element elementor-element-ce3e99f elementor-widget elementor-widget-text-editor\" data-id=\"ce3e99f\" data-element_type=\"widget\" data-widget_type=\"text-editor.default\">\n\t\t\t\t<div class=\"elementor-widget-container\">\n\t\t\t\t\t\t\t\t\t<h5>W\u00e4hrend 125 Jahren Keiser-Familie<\/h5>\t\t\t\t\t\t\t\t<\/div>\n\t\t\t\t<\/div>\n\t\t\t\t<div class=\"elementor-element elementor-element-9510e19 elementor-widget elementor-widget-text-editor\" data-id=\"9510e19\" data-element_type=\"widget\" data-widget_type=\"text-editor.default\">\n\t\t\t\t<div class=\"elementor-widget-container\">\n\t\t\t\t\t\t\t\t\t<p>Wie wir oben gesehen haben, kam durch die Heirat im Jahre 1860 der neue Name \u00ab\u00a0Keiser\u00a0\u00bb auf, der bis zum heutigen Tage bleiben sollte.<\/p><p>Am 14. Oktober 1891 fand die n\u00e4chste Hochzeit statt. Jean KEISER (Kayser), geboren am 23. September 1862 in Tadler (der Name \u00ab\u00a0Tadler M\u00fchle\u00a0\u00bb wird in den Akten nicht mehr gebraucht), heiratete Marguerite DRAUT, geboren am 6. Januar 1866 als Tochter von Nicolas DRAUT und Barbara MATHIEU (+ 29.9.1888), Ackersleute in Bourscheid. Zeugen waren: Theodore MAILLET, Pierre DEMUTH, Joseph SPELTZ und .Jean WAGENER, alle aus Eschdorf. Diese Eheleute bekamen 8 Kinder mit den Namen Catherine, Jean, Elise, Jean-Pierre, Joseph, Anna, Lucie und Francois, von denen die beiden letzten noch leben. Francois KEISER wurde Geistlicher, war Kaplan in Bissen, Vikar in Beggen, Pfarrer in Wahlhausen und wirkt seit 1955 als Pfarrer in Feulen.<\/p><p>Es wird in Zukunft noch eine Forschungsaufgabe sein, die Kinder der jeweiligen Generationen mit ihren Daten zu notieren. Die Erweiterung dieser Darstellung mit<br \/>den betreffenden Angaben w\u00fcrde das geplante Ausmass dieses Aufsatzes \u00fcberziehen. F\u00fcr die letzten Familien werden jeweils die Namen der Kinder genannt.<\/p><p>Cornelius gen. Joseph KEISER, geboren am 29. Oktober 1899 in Tadler, heiratete am 18. Mai 1928 in Heiderscheid Christine BOCK, geboren am 3.9.1911 als Tochter von Jean BOCK und Suzanne DOMINICY aus Tadler. Ihre 8 Kinder heissen: Albert, Maria, Camille, Elli, Joseph, Lucie, Margot, Francois, die alle noch am Leben sind.<br \/>Albert KEISER, geboren in Tadler am 12. Oktober 1930, heiratete in Heiderscheid am 21. Oktober 1960 Anne-Barbe JOMMES, geboren in Lentzweiler (bei Clerf) am 28. Oktober 1933 als Tochter der Ackersleute Jean JOMMES und Christine FLESCH. Sie \u00fcbernahmen den Betrieb. Ihre Kinder sind:<\/p><p>1. Christiane KEISER, geb. in Wiltz am 23.7.1961, verh. in Bourscheid am 11. Mai 1985 mit Charles STEICHEN aus Scheidel<br \/>2. Amand KEISER, geb. in Wiltz am 12.2.1963, verh. am 14. September 1985 in Heiderscheid mit Sylvia BRAUNE aus Lullingen<br \/>3. \u00b7Eliane KEISER, geb. in Tadler am 3. Oktober 1964, verh. in Heiderscheid am 22. September 1984 mit Eugene REDING aus Niederfeulen.<\/p><p>Das junge Ehepaar KEISER-BRAUNE soll den Betrieb weiterf\u00fchren. Am 26. Dezember 1985 wird der Name KEISER 125 Jahr im Haus bestehen und die ersten Vorfahren wurden vor etwa 200 Jahren dort ans\u00e4ssig.<\/p>\t\t\t\t\t\t\t\t<\/div>\n\t\t\t\t<\/div>\n\t\t\t\t<div class=\"elementor-element elementor-element-fff2d47 elementor-widget elementor-widget-text-editor\" data-id=\"fff2d47\" data-element_type=\"widget\" data-widget_type=\"text-editor.default\">\n\t\t\t\t<div class=\"elementor-widget-container\">\n\t\t\t\t\t\t\t\t\t<h5>Die letzten Spuren der M\u00fchle verschwinden<\/h5>\t\t\t\t\t\t\t\t<\/div>\n\t\t\t\t<\/div>\n\t\t\t\t<div class=\"elementor-element elementor-element-9d07298 elementor-widget elementor-widget-text-editor\" data-id=\"9d07298\" data-element_type=\"widget\" data-widget_type=\"text-editor.default\">\n\t\t\t\t<div class=\"elementor-widget-container\">\n\t\t\t\t\t\t\t\t\t<p>Es ist m\u00f6glich, dass das Wasserrad der M\u00fchle bauf\u00e4llig war, als zwischen 1850 und 1860 der Betrieb eingestellt wurde. Die Einrichtung zerfiel, Teile davon, unter<br \/>anderem die M\u00fchlsteine, wurden wahrscheinlich verkauft. Das M\u00fchlenhaus, das als niedriger Geb\u00e4udeteil des Hofes zu erkennen ist, wurde als Abstellraum und schliesslich als Milchkammer benutzt.<\/p><p>Die einzige Erinnerung an die M\u00fchle blieb lange Zeit der M\u00fchlenweiher, der eine Fl\u00e4che von etwa 5 Ar hatte. Da er nutzlos geworden war, sch\u00fctteten die Besitzer<br \/>ihn gr\u00f6sstenteils zu. Ein Teil davon wurde als Garten vor dem Hause angelegt. Schliesslich war die Weiherfl\u00e4che um 1935 auf ein Zehntel ihrer urspr\u00fcnglichen Fl\u00e4che zusammengeschrumpft.<\/p><p>Da kam Joseph KEISER auf den Gedanken, die Wasserkraft zur Produktion von Leuchtstrom auszunutzen. Unten, am Ufer der Sauer, erbaute er eine Kammer von etwa 4 qm Fl\u00e4che, in die er eine Peltonturbine von 70-80 cm Durchmesser mit einem Gleichstromdynamo installierte. Zur Turbine f\u00fchrte ein Wasserrohr von 10 cm Durchmesser, das im \u00fcbriggebliebenen Teil des Weihers das Wasser entnahm. Zur Erh\u00f6hung der Druckkraft hatte der Besitzer eine Staumauer von 3 m H\u00f6he erbaut. Die Regulierung der Turbine konnte mittels eines Drahtseils vom Hause aus vorgenommen werden. Auf diese Weise erhielt der Hof zum ersten Mal elektrische Beleuchtung.<\/p><p>ZwanzigJahre sp\u00e4ter (1955) fand eine Renovierung des Wohnhauses statt und bei dieser Gelegenheit schloss man den Betrieb an das \u00f6ffentliche Stromnetz an.<\/p><p>Im Jahre 1973 entfernte man den letzten Rest des M\u00fchlenweihers und auf die freie Stelle wurde ein Stall mit einer Scheune erbaut. So verschwand die letzte \u00e4ussere Spur, die noch an die einstige M\u00fchle h\u00e4tte erinnern k\u00f6nnen.<\/p>\t\t\t\t\t\t\t\t<\/div>\n\t\t\t\t<\/div>\n\t\t\t\t<div class=\"elementor-element elementor-element-de3cf74 elementor-widget elementor-widget-text-editor\" data-id=\"de3cf74\" data-element_type=\"widget\" data-widget_type=\"text-editor.default\">\n\t\t\t\t<div class=\"elementor-widget-container\">\n\t\t\t\t\t\t\t\t\t<h5>Neues Leben erwacht in der Einsamkeit<\/h5>\t\t\t\t\t\t\t\t<\/div>\n\t\t\t\t<\/div>\n\t\t\t\t<div class=\"elementor-element elementor-element-c8ced9c elementor-widget elementor-widget-text-editor\" data-id=\"c8ced9c\" data-element_type=\"widget\" data-widget_type=\"text-editor.default\">\n\t\t\t\t<div class=\"elementor-widget-container\">\n\t\t\t\t\t\t\t\t\t<p>Der Ort der Tadler M\u00fchle war eine weltverlorene Gegend, Generationen plagten sich im kleinen Bauernwesen, um ein bescheidenes Dasein, vielleicht sogar, wie der<br \/>Bauer KEISER erz\u00e4hlt, \u00ab\u00a0ein Leben in Armut zu f\u00fchren\u00a0\u00bb.<\/p><p>Aber die Zeiten \u00e4ndern, gl\u00fccklicherweise. Der Fortschritt ist unaufhaltsam. Eine bessere, gut befahrbare Strasse wurde gebaut. Eine steinerne Br\u00fccke f\u00fchrte<br \/>mittlerweile zur andern Seite der Sauer, an dem Ort, wo fr\u00fcher eine Furt bestand.<br \/>Die Nachfrage an Landwirtschafts- und Viehzuchtprodukten nahm zu. Der Bauernbetrieb der ehemaligen Tadler M\u00fchle entwickelte sich zu einer Fl\u00e4che von nahezu 30 ha mit einem Bestand von 50 St\u00fcck Rindvieh, wovon 28 Milchk\u00fche.<\/p><p>Der Tourismus nahm einen erheblichen Aufschwung. Die naturhungrigen Stadtmenschen suchten die verlorensten Winkel auf. Das veranlasste Albert KEISER, in einer Wiese am Rande der Sauer im Jahre 1962 einen Campingplatz erster Klasse von einem Hektar Fl\u00e4che anzulegen. Eine Schwester des Hofbesitzers, die Eheleute Pierre SIEBENALER &#8211; Margot KEISER, erbauten in der N\u00e4he ein Haus mit Terrasse, das 1979 als Familienpension mit Cafe und Restaurant er\u00f6ffnet wurde. Es tr\u00e4gt den Namen \u00ab\u00a0Moulin de Tadler\u00a0\u00bb. Dieser Name ist zu einer letzten Erinnerung an die verschwundene M\u00fchle geworden.<\/p><p><br \/>Emile Erpelding<br \/>April 1985<\/p>\t\t\t\t\t\t\t\t<\/div>\n\t\t\t\t<\/div>\n\t\t\t\t\t<\/div>\n\t\t<\/div>\n\t\t\t\t\t<\/div>\n\t\t<\/section>\n\t\t\t\t<\/div>","protected":false},"excerpt":{"rendered":"<p>Recherche Emil Erpelding Die Tadler M\u00fchle Wenn man an der grossen Nationalstrasse Ettelbruck-Bastogne in Heiderscheid nach rechts abbiegt, erreicht man nach 4 km Fahrt das D\u00f6rfchen Tadler, das an einem absch\u00fcssigen Hang s\u00fcdlich des Obersauertales liegt. Von hier gelangt man nach einer Wegstrecke von nur einem Kilometer ins \u00ab\u00a0Pfaffental\u00a0\u00bb (Pafendall), ein schmales, tiefes Bachtal, in [&hellip;]<\/p>","protected":false},"author":1,"featured_media":0,"parent":0,"menu_order":0,"comment_status":"closed","ping_status":"closed","template":"","meta":{"site-sidebar-layout":"no-sidebar","site-content-layout":"page-builder","ast-site-content-layout":"full-width-container","site-content-style":"default","site-sidebar-style":"default","ast-global-header-display":"","ast-banner-title-visibility":"","ast-main-header-display":"","ast-hfb-above-header-display":"","ast-hfb-below-header-display":"","ast-hfb-mobile-header-display":"","site-post-title":"disabled","ast-breadcrumbs-content":"","ast-featured-img":"disabled","footer-sml-layout":"","theme-transparent-header-meta":"","adv-header-id-meta":"","stick-header-meta":"","header-above-stick-meta":"","header-main-stick-meta":"","header-below-stick-meta":"","astra-migrate-meta-layouts":"default","ast-page-background-enabled":"default","ast-page-background-meta":{"desktop":{"background-color":"","background-image":"","background-repeat":"repeat","background-position":"center center","background-size":"auto","background-attachment":"scroll","background-type":"","background-media":"","overlay-type":"","overlay-color":"","overlay-opacity":"","overlay-gradient":""},"tablet":{"background-color":"","background-image":"","background-repeat":"repeat","background-position":"center center","background-size":"auto","background-attachment":"scroll","background-type":"","background-media":"","overlay-type":"","overlay-color":"","overlay-opacity":"","overlay-gradient":""},"mobile":{"background-color":"","background-image":"","background-repeat":"repeat","background-position":"center center","background-size":"auto","background-attachment":"scroll","background-type":"","background-media":"","overlay-type":"","overlay-color":"","overlay-opacity":"","overlay-gradient":""}},"ast-content-background-meta":{"desktop":{"background-color":"var(--ast-global-color-5)","background-image":"","background-repeat":"repeat","background-position":"center center","background-size":"auto","background-attachment":"scroll","background-type":"","background-media":"","overlay-type":"","overlay-color":"","overlay-opacity":"","overlay-gradient":""},"tablet":{"background-color":"var(--ast-global-color-5)","background-image":"","background-repeat":"repeat","background-position":"center center","background-size":"auto","background-attachment":"scroll","background-type":"","background-media":"","overlay-type":"","overlay-color":"","overlay-opacity":"","overlay-gradient":""},"mobile":{"background-color":"var(--ast-global-color-5)","background-image":"","background-repeat":"repeat","background-position":"center center","background-size":"auto","background-attachment":"scroll","background-type":"","background-media":"","overlay-type":"","overlay-color":"","overlay-opacity":"","overlay-gradient":""}},"footnotes":""},"class_list":["post-8253","page","type-page","status-publish","hentry"],"_links":{"self":[{"href":"https:\/\/millen.lu\/de\/wp-json\/wp\/v2\/pages\/8253","targetHints":{"allow":["GET"]}}],"collection":[{"href":"https:\/\/millen.lu\/de\/wp-json\/wp\/v2\/pages"}],"about":[{"href":"https:\/\/millen.lu\/de\/wp-json\/wp\/v2\/types\/page"}],"author":[{"embeddable":true,"href":"https:\/\/millen.lu\/de\/wp-json\/wp\/v2\/users\/1"}],"replies":[{"embeddable":true,"href":"https:\/\/millen.lu\/de\/wp-json\/wp\/v2\/comments?post=8253"}],"version-history":[{"count":91,"href":"https:\/\/millen.lu\/de\/wp-json\/wp\/v2\/pages\/8253\/revisions"}],"predecessor-version":[{"id":8731,"href":"https:\/\/millen.lu\/de\/wp-json\/wp\/v2\/pages\/8253\/revisions\/8731"}],"wp:attachment":[{"href":"https:\/\/millen.lu\/de\/wp-json\/wp\/v2\/media?parent=8253"}],"curies":[{"name":"wp","href":"https:\/\/api.w.org\/{rel}","templated":true}]}}